{"id":11523,"date":"2025-12-18T09:39:19","date_gmt":"2025-12-18T09:39:19","guid":{"rendered":"https:\/\/www.lewens.de\/?post_type=fabric&#038;p=11523"},"modified":"2025-12-18T09:39:19","modified_gmt":"2025-12-18T09:39:19","slug":"precontraint-302-20393","status":"publish","type":"fabric","link":"https:\/\/www.lewens.de\/nl\/zonweringstoffen\/precontraint-302-20393\/","title":{"rendered":"Pr\u00e9contraint 302-20393"},"content":{"rendered":"\n<div class=\"wp-block-group alignfull is-layout-constrained wp-block-group-is-layout-constrained\">\n<div class=\"wp-block-columns is-layout-flex wp-container-core-columns-is-layout-9d6595d7 wp-block-columns-is-layout-flex\">\n<div class=\"wp-block-column is-layout-flow wp-block-column-is-layout-flow\">\n<div class=\"wp-block-group fabric-images is-layout-constrained wp-block-group-is-layout-constrained\"><figure class=\"wp-block-post-featured-image\"><img loading=\"lazy\" decoding=\"async\" width=\"560\" height=\"425\" src=\"https:\/\/www.lewens.de\/wp-content\/uploads\/2025\/09\/20393_560x425-1.webp\" class=\"attachment-post-thumbnail size-post-thumbnail ratio-landscape wp-post-image\" alt=\"20393_560x425\" style=\"object-fit:cover;\" \/><\/figure><\/div>\n<\/div>\n\n\n\n<div class=\"wp-block-column is-layout-flow wp-block-column-is-layout-flow\">\n<div class=\"wp-block-group product-overview is-layout-constrained wp-block-group-is-layout-constrained\"><div class=\"product-info fabric-info\">\n\t\t\t<div class=\"spec-item product-patterns\">\n\t\t\t<span class=\"spec-label\">\n                Dessingroep            <\/span>\n\t\t\t<ul class=\"spec-value\"><li>\n\t\t\t\tUni \/ fijne structuur\t\t\t<\/li><\/ul>\n\t\t<\/div>\n\t\n\t\t\t<div class=\"spec-item product-colors\">\n\t\t\t<span class=\"spec-label\">\n                Kleur            <\/span>\n\t\t\t<ul class=\"spec-value\"><li>\n\t\t\t\thennep\t\t\t<\/li><\/ul>\n\t\t<\/div>\n\t\n\t\n\t        <div class=\"spec-item product-fabrics\">\n\t\t\t<span class=\"spec-label\">\n                Stofmateriaal            <\/span>\n            <ul class=\"spec-value\"><li>\n\t\t\t\t\tPr\u00e9contraint 302 (waterafstotend)                <\/li><\/ul>\n        <\/div>\n\t\n            <div class=\"spec-item product-widths\">\n\t\t\t<span class=\"spec-label\">\n                Breedte            <\/span>\n            <ul class=\"spec-value\"><li>\n\t\t\t\t180 cm (70,9\")            <\/li><\/ul>\n        <\/div>\n\t\n    \n\t<\/div>\n<\/div>\n<\/div>\n<\/div>\n<\/div>\n\n\n\n<div class=\"wp-block-group alignfull width-md is-layout-constrained wp-block-group-is-layout-constrained\">\n<p class=\"has-text-align-center\">Ruhe, Klarheit, Eleganz: Unis und Feinstrukturen wirken pur und zeitlos. Ihre feine Textur und harmonische Farbigkeit verleihen jeder Markise eine edle, moderne Note.<\/p>\n<\/div>\n\n\n\n<div class=\"wp-block-group alignfull is-layout-constrained wp-block-group-is-layout-constrained\">\n<div class=\"wp-block-group is-layout-constrained wp-block-group-is-layout-constrained\">\n<h2 class=\"wp-block-heading has-text-align-center\" id=\"standard-gestellfarben\" aria-label=\"Standard-Gestellfarben\">Unsere Gestellfarben und Einfassb\u00e4nder<\/h2>\n\n\n\n<div class=\"swiper taxonomy-terms swiper-overflow-visible\"\n     data-swiper=\"{&quot;navigation&quot;:true,&quot;pagination&quot;:&quot;scrollbar&quot;,&quot;slidesPerView&quot;:&quot;auto&quot;,&quot;mousewheel&quot;:true}\">\n     \n    <div class=\"swiper-wrapper\">\n        \n<figure class=\"term-item taxonomy-frame_color swiper-slide\"\n\t>\n\t<span class=\"term--image\"><img loading=\"lazy\" decoding=\"async\" width=\"320\" height=\"320\" src=\"https:\/\/www.lewens.de\/wp-content\/uploads\/2026\/01\/Lewens_Gestellfarbe_RAL9016.webp\" class=\"attachment-full size-full ratio-square ratio-portrait\" alt=\"Lewens_Gestellfarbe_RAL9016\" \/><img loading=\"lazy\" decoding=\"async\" width=\"544\" height=\"420\" src=\"https:\/\/www.lewens.de\/wp-content\/uploads\/2025\/03\/Lewens_Gestellfarbe_RAL-9016.webp\" class=\"attachment-full size-full ratio-landscape\" alt=\"Lewens_Gestellfarbe_RAL-9016\" \/><\/span>\n\n\t<figcaption>\n        \n\t\t<span class=\"term--title\">\n\t\t\tVerkeerswit\t\t<\/span>\n\n        <span class=\"term--description\"><p>Zijdeglanzend glad<\/p>\n<\/span>\n\n        <span class=\"term--color\">RAL 9016<\/span>\t<\/figcaption>\n<\/figure>\n<figure class=\"term-item taxonomy-frame_color swiper-slide\"\n\t>\n\t<span class=\"term--image\"><img loading=\"lazy\" decoding=\"async\" width=\"250\" height=\"250\" src=\"https:\/\/www.lewens.de\/wp-content\/uploads\/2025\/01\/RAL9010.png\" class=\"attachment-full size-full ratio-square ratio-portrait\" alt=\"RAL9010\" \/><img loading=\"lazy\" decoding=\"async\" width=\"544\" height=\"420\" src=\"https:\/\/www.lewens.de\/wp-content\/uploads\/2025\/03\/Lewens_Gestellfarbe_RAL-9010.webp\" class=\"attachment-full size-full ratio-landscape\" alt=\"Lewens_Gestellfarbe_RAL-9010\" \/><\/span>\n\n\t<figcaption>\n        \n\t\t<span class=\"term--title\">\n\t\t\tZuiver wit\t\t<\/span>\n\n        <span class=\"term--description\"><p>Zijdeglanzend glad<\/p>\n<\/span>\n\n        <span class=\"term--color\">RAL 9010<\/span>\t<\/figcaption>\n<\/figure>\n<figure class=\"term-item taxonomy-frame_color swiper-slide\"\n\t>\n\t<span class=\"term--image\"><img loading=\"lazy\" decoding=\"async\" width=\"250\" height=\"250\" src=\"https:\/\/www.lewens.de\/wp-content\/uploads\/2025\/01\/RAL9001.png\" class=\"attachment-full size-full ratio-square ratio-portrait\" alt=\"RAL9001\" \/><img loading=\"lazy\" decoding=\"async\" width=\"544\" height=\"420\" src=\"https:\/\/www.lewens.de\/wp-content\/uploads\/2025\/03\/Lewens_Gestellfarbe_RAL-9001.webp\" class=\"attachment-full size-full ratio-landscape\" alt=\"Lewens_Gestellfarbe_RAL-9001\" \/><\/span>\n\n\t<figcaption>\n        \n\t\t<span class=\"term--title\">\n\t\t\tCr\u00e8mewit\t\t<\/span>\n\n        <span class=\"term--description\"><p>Zijdeglanzend glad<\/p>\n<\/span>\n\n        <span class=\"term--color\">RAL 9001<\/span>\t<\/figcaption>\n<\/figure>\n<figure class=\"term-item taxonomy-frame_color swiper-slide\"\n\t>\n\t<span class=\"term--image\"><img loading=\"lazy\" decoding=\"async\" width=\"250\" height=\"250\" src=\"https:\/\/www.lewens.de\/wp-content\/uploads\/2025\/01\/RAL1015.png\" class=\"attachment-full size-full ratio-square ratio-portrait\" alt=\"RAL1015\" \/><img loading=\"lazy\" decoding=\"async\" width=\"544\" height=\"420\" src=\"https:\/\/www.lewens.de\/wp-content\/uploads\/2025\/03\/Lewens_Gestellfarbe_RAL-1015.webp\" class=\"attachment-full size-full ratio-landscape\" alt=\"Lewens_Gestellfarbe_RAL-1015\" \/><\/span>\n\n\t<figcaption>\n        \n\t\t<span class=\"term--title\">\n\t\t\tLicht ivoorkleurig\t\t<\/span>\n\n        <span class=\"term--description\"><p>Zijdeglanzend glad<\/p>\n<\/span>\n\n        <span class=\"term--color\">RAL 1015<\/span>\t<\/figcaption>\n<\/figure>\n<figure class=\"term-item taxonomy-frame_color swiper-slide\"\n\t>\n\t<span class=\"term--image\"><img loading=\"lazy\" decoding=\"async\" width=\"320\" height=\"320\" src=\"https:\/\/www.lewens.de\/wp-content\/uploads\/2026\/01\/Lewens_Gestellfarbe_RAL9006.webp\" class=\"attachment-full size-full ratio-square ratio-portrait\" alt=\"Lewens_Gestellfarbe_RAL9006\" \/><img loading=\"lazy\" decoding=\"async\" width=\"544\" height=\"420\" src=\"https:\/\/www.lewens.de\/wp-content\/uploads\/2025\/03\/Lewens_Gestellfarbe_RAL-9006.webp\" class=\"attachment-full size-full ratio-landscape\" alt=\"Lewens_Gestellfarbe_RAL-9006\" \/><\/span>\n\n\t<figcaption>\n        \n\t\t<span class=\"term--title\">\n\t\t\tBlank aluminiumkleurig\t\t<\/span>\n\n        <span class=\"term--description\"><p>Zijdeglanzend glad   metallic<\/p>\n<\/span>\n\n        <span class=\"term--color\">RAL 9006<\/span>\t<\/figcaption>\n<\/figure>\n<figure class=\"term-item taxonomy-frame_color swiper-slide\"\n\t>\n\t<span class=\"term--image\"><img loading=\"lazy\" decoding=\"async\" width=\"320\" height=\"320\" src=\"https:\/\/www.lewens.de\/wp-content\/uploads\/2026\/01\/Lewens_Gestellfarbe_RAL7024.webp\" class=\"attachment-full size-full ratio-square ratio-portrait\" alt=\"Lewens_Gestellfarbe_RAL7024\" \/><img loading=\"lazy\" decoding=\"async\" width=\"544\" height=\"420\" src=\"https:\/\/www.lewens.de\/wp-content\/uploads\/2025\/03\/Lewens_Gestellfarbe_RAl-7024.webp\" class=\"attachment-full size-full ratio-landscape\" alt=\"Lewens_Gestellfarbe_RAl-7024\" \/><\/span>\n\n\t<figcaption>\n        \n\t\t<span class=\"term--title\">\n\t\t\tGrafietgrijs\t\t<\/span>\n\n        <span class=\"term--description\"><p>Zijdeglanzend glad<\/p>\n<\/span>\n\n        <span class=\"term--color\">RAL 7024<\/span>\t<\/figcaption>\n<\/figure>\n<figure class=\"term-item taxonomy-frame_color swiper-slide\"\n\t>\n\t<span class=\"term--image\"><img loading=\"lazy\" decoding=\"async\" width=\"320\" height=\"320\" src=\"https:\/\/www.lewens.de\/wp-content\/uploads\/2026\/01\/Lewens_Gestellfarbe_RAL7016.webp\" class=\"attachment-full size-full ratio-square ratio-portrait\" alt=\"Lewens_Gestellfarbe_RAL7016\" \/><img loading=\"lazy\" decoding=\"async\" width=\"544\" height=\"420\" src=\"https:\/\/www.lewens.de\/wp-content\/uploads\/2025\/03\/Lewens_Gestellfarbe_RAL-7016.webp\" class=\"attachment-full size-full ratio-landscape\" alt=\"Lewens_Gestellfarbe_RAL-7016\" \/><\/span>\n\n\t<figcaption>\n        \n\t\t<span class=\"term--title\">\n\t\t\tAntracietgrijs\t\t<\/span>\n\n        <span class=\"term--description\"><p>Zijdeglanzend glad<\/p>\n<\/span>\n\n        <span class=\"term--color\">RAL 7016<\/span>\t<\/figcaption>\n<\/figure>\n<figure class=\"term-item taxonomy-frame_color swiper-slide\"\n\t>\n\t<span class=\"term--image\"><img loading=\"lazy\" decoding=\"async\" width=\"320\" height=\"320\" src=\"https:\/\/www.lewens.de\/wp-content\/uploads\/2026\/01\/Lewens_Gestellfarbe_RAL8077.webp\" class=\"attachment-full size-full ratio-square ratio-portrait\" alt=\"Lewens_Gestellfarbe_RAL8077\" \/><img loading=\"lazy\" decoding=\"async\" width=\"544\" height=\"420\" src=\"https:\/\/www.lewens.de\/wp-content\/uploads\/2025\/03\/Lewens_Gestellfarbe_RAL-8077.webp\" class=\"attachment-full size-full ratio-landscape\" alt=\"Lewens_Gestellfarbe_RAL-8077\" \/><\/span>\n\n\t<figcaption>\n        \n\t\t<span class=\"term--title\">\n\t\t\tDonkerbruin\t\t<\/span>\n\n        <span class=\"term--description\"><p>Zijdeglanzend glad<\/p>\n<\/span>\n\n        <span class=\"term--color\">RAL 8077<\/span>\t<\/figcaption>\n<\/figure>\n<figure class=\"term-item taxonomy-frame_color swiper-slide\"\n\t>\n\t<span class=\"term--image\"><img loading=\"lazy\" decoding=\"async\" width=\"320\" height=\"320\" src=\"https:\/\/www.lewens.de\/wp-content\/uploads\/2026\/01\/Lewens_Gestellfarbe_RAL8019.webp\" class=\"attachment-full size-full ratio-square ratio-portrait\" alt=\"Lewens_Gestellfarbe_RAL8019\" \/><img loading=\"lazy\" decoding=\"async\" width=\"544\" height=\"420\" src=\"https:\/\/www.lewens.de\/wp-content\/uploads\/2025\/03\/Lewens_Gestellfarbe_RAL-8019-1.webp\" class=\"attachment-full size-full ratio-landscape\" alt=\"Lewens_Gestellfarbe_RAL-8019\" \/><\/span>\n\n\t<figcaption>\n        \n\t\t<span class=\"term--title\">\n\t\t\tGrijsbruin\t\t<\/span>\n\n        <span class=\"term--description\"><p>Zijdeglanzend glad<\/p>\n<\/span>\n\n        <span class=\"term--color\">RAL 8019<\/span>\t<\/figcaption>\n<\/figure>\n<figure class=\"term-item taxonomy-frame_color swiper-slide\"\n\t>\n\t<span class=\"term--image\"><img loading=\"lazy\" decoding=\"async\" width=\"320\" height=\"320\" src=\"https:\/\/www.lewens.de\/wp-content\/uploads\/2026\/01\/Lewens_Gestellfarbe_RAL6005-1.webp\" class=\"attachment-full size-full ratio-square ratio-portrait\" alt=\"Lewens_Gestellfarbe_RAL6005 (1)\" \/><img loading=\"lazy\" decoding=\"async\" width=\"544\" height=\"420\" src=\"https:\/\/www.lewens.de\/wp-content\/uploads\/2025\/03\/Lewens_Gestellfarbe_RAL-6005.webp\" class=\"attachment-full size-full ratio-landscape\" alt=\"Lewens_Gestellfarbe_RAL-6005\" \/><\/span>\n\n\t<figcaption>\n        \n\t\t<span class=\"term--title\">\n\t\t\tMosgroen\t\t<\/span>\n\n        <span class=\"term--description\"><p>Zijdeglanzend glad<\/p>\n<\/span>\n\n        <span class=\"term--color\">RAL 6005<\/span>\t<\/figcaption>\n<\/figure>\n<figure class=\"term-item taxonomy-frame_color swiper-slide\"\n\t>\n\t<span class=\"term--image\"><img loading=\"lazy\" decoding=\"async\" width=\"320\" height=\"320\" src=\"https:\/\/www.lewens.de\/wp-content\/uploads\/2026\/01\/Lewens_Gestellfarbe_RAL9007-1.webp\" class=\"attachment-full size-full ratio-square ratio-portrait\" alt=\"Lewens_Gestellfarbe_RAL9007\" \/><img loading=\"lazy\" decoding=\"async\" width=\"544\" height=\"420\" src=\"https:\/\/www.lewens.de\/wp-content\/uploads\/2025\/03\/Lewens_Gestellfarbe_RAL-9007.webp\" class=\"attachment-full size-full ratio-landscape\" alt=\"Lewens_Gestellfarbe_RAL-9007\" \/><\/span>\n\n\t<figcaption>\n        \n\t\t<span class=\"term--title\">\n\t\t\tGrijs aluminiumkleurig\t\t<\/span>\n\n        <span class=\"term--description\"><p>Zijdeglanzend glad   metallic<\/p>\n<\/span>\n\n        <span class=\"term--color\">RAL 9007<\/span>\t<\/figcaption>\n<\/figure>\n<figure class=\"term-item taxonomy-frame_color swiper-slide\"\n\t>\n\t<span class=\"term--image\"><img loading=\"lazy\" decoding=\"async\" width=\"250\" height=\"250\" src=\"https:\/\/www.lewens.de\/wp-content\/uploads\/2025\/01\/RAL7039.png\" class=\"attachment-full size-full ratio-square ratio-portrait\" alt=\"RAL7039\" \/><img loading=\"lazy\" decoding=\"async\" width=\"544\" height=\"420\" src=\"https:\/\/www.lewens.de\/wp-content\/uploads\/2025\/03\/Lewens_Gestellfarbe_RAL-7039.webp\" class=\"attachment-full size-full ratio-landscape\" alt=\"Lewens_Gestellfarbe_RAL-7039\" \/><\/span>\n\n\t<figcaption>\n        \n\t\t<span class=\"term--title\">\n\t\t\tKwartsgrijs\t\t<\/span>\n\n        <span class=\"term--description\"><p>Metallic glad \/ mat<\/p>\n<\/span>\n\n        <span class=\"term--color\">RAL 7039<\/span>\t<\/figcaption>\n<\/figure>\n<figure class=\"term-item taxonomy-frame_color swiper-slide\"\n\t>\n\t<span class=\"term--image\"><img loading=\"lazy\" decoding=\"async\" width=\"250\" height=\"250\" src=\"https:\/\/www.lewens.de\/wp-content\/uploads\/2025\/01\/3605.png\" class=\"attachment-full size-full ratio-square ratio-portrait\" alt=\"3605\" \/><img loading=\"lazy\" decoding=\"async\" width=\"544\" height=\"420\" src=\"https:\/\/www.lewens.de\/wp-content\/uploads\/2025\/03\/Lewens_Gestellfarbe_3605.webp\" class=\"attachment-full size-full ratio-landscape\" alt=\"Lewens_Gestellfarbe_3605\" \/><\/span>\n\n\t<figcaption>\n        \n\t\t<span class=\"term--title\">\n\t\t\tMarrone\t\t<\/span>\n\n        <span class=\"term--description\"><p>Metallic glad \/ mat<\/p>\n<\/span>\n\n        \t<\/figcaption>\n<\/figure>\n<figure class=\"term-item taxonomy-frame_color swiper-slide\"\n\t>\n\t<span class=\"term--image\"><img loading=\"lazy\" decoding=\"async\" width=\"320\" height=\"320\" src=\"https:\/\/www.lewens.de\/wp-content\/uploads\/2025\/01\/LSS_Sample_SL85.webp\" class=\"attachment-full size-full ratio-square ratio-portrait\" alt=\"LSS_Sample_SL85\" \/><img loading=\"lazy\" decoding=\"async\" width=\"544\" height=\"420\" src=\"https:\/\/www.lewens.de\/wp-content\/uploads\/2025\/03\/Lewens_Gestellfarbe_SL-85.webp\" class=\"attachment-full size-full ratio-landscape\" alt=\"Lewens_Gestellfarbe_SL-85\" \/><\/span>\n\n\t<figcaption>\n        \n\t\t<span class=\"term--title\">\n\t\t\tBianco\t\t<\/span>\n\n        <span class=\"term--description\"><p>Structuurlak<br \/>\nFijnstructuur mat<\/p>\n<\/span>\n\n        <span class=\"term--color\">SL 85<\/span>\t<\/figcaption>\n<\/figure>\n<figure class=\"term-item taxonomy-frame_color swiper-slide\"\n\t>\n\t<span class=\"term--image\"><img loading=\"lazy\" decoding=\"async\" width=\"320\" height=\"320\" src=\"https:\/\/www.lewens.de\/wp-content\/uploads\/2025\/01\/LSS_Sample_SL93.webp\" class=\"attachment-full size-full ratio-square ratio-portrait\" alt=\"LSS_Sample_SL93\" \/><img loading=\"lazy\" decoding=\"async\" width=\"544\" height=\"420\" src=\"https:\/\/www.lewens.de\/wp-content\/uploads\/2025\/03\/Lewens_Gestellfarbe_SL-93-1.webp\" class=\"attachment-full size-full ratio-landscape\" alt=\"Lewens_Gestellfarbe_SL-93\" \/><\/span>\n\n\t<figcaption>\n        \n\t\t<span class=\"term--title\">\n\t\t\tGrijs\/marmer\t\t<\/span>\n\n        <span class=\"term--description\"><p>Structuurlak<br \/>\nFijnstructuur mat<\/p>\n<\/span>\n\n        <span class=\"term--color\">SL 93<\/span>\t<\/figcaption>\n<\/figure>\n<figure class=\"term-item taxonomy-frame_color swiper-slide\"\n\t>\n\t<span class=\"term--image\"><img loading=\"lazy\" decoding=\"async\" width=\"320\" height=\"320\" src=\"https:\/\/www.lewens.de\/wp-content\/uploads\/2025\/01\/LSS_Sample_SL89.webp\" class=\"attachment-full size-full ratio-square ratio-portrait\" alt=\"LSS_Sample_SL89\" \/><img loading=\"lazy\" decoding=\"async\" width=\"544\" height=\"420\" src=\"https:\/\/www.lewens.de\/wp-content\/uploads\/2025\/03\/Lewens_Gestellfarbe_SL-89.webp\" class=\"attachment-full size-full ratio-landscape\" alt=\"Lewens_Gestellfarbe_SL-89\" \/><\/span>\n\n\t<figcaption>\n        \n\t\t<span class=\"term--title\">\n\t\t\tRAL 9005 \u2013 Gitzwart\t\t<\/span>\n\n        <span class=\"term--description\"><p>Structuurlak<br \/>\nFijnstructuur mat<\/p>\n<\/span>\n\n        <span class=\"term--color\">SL 89<\/span>\t<\/figcaption>\n<\/figure>\n<figure class=\"term-item taxonomy-frame_color swiper-slide\"\n\t>\n\t<span class=\"term--image\"><img loading=\"lazy\" decoding=\"async\" width=\"320\" height=\"320\" src=\"https:\/\/www.lewens.de\/wp-content\/uploads\/2025\/01\/LSS_Sample_SL88.webp\" class=\"attachment-full size-full ratio-square ratio-portrait\" alt=\"LSS_Sample_SL88\" \/><img loading=\"lazy\" decoding=\"async\" width=\"544\" height=\"420\" src=\"https:\/\/www.lewens.de\/wp-content\/uploads\/2025\/03\/Lewens_Gestellfarbe_SL-88.webp\" class=\"attachment-full size-full ratio-landscape\" alt=\"Lewens_Gestellfarbe_SL-88\" \/><\/span>\n\n\t<figcaption>\n        \n\t\t<span class=\"term--title\">\n\t\t\tRAL 7016 \u2013 Antracietgrijs\t\t<\/span>\n\n        <span class=\"term--description\"><p>Structuurlak<br \/>\nFijnstructuur mat<\/p>\n<\/span>\n\n        <span class=\"term--color\">SL 88<\/span>\t<\/figcaption>\n<\/figure>\n<figure class=\"term-item taxonomy-frame_color swiper-slide\"\n\t>\n\t<span class=\"term--image\"><img loading=\"lazy\" decoding=\"async\" width=\"320\" height=\"320\" src=\"https:\/\/www.lewens.de\/wp-content\/uploads\/2025\/01\/LSS_Sample_SL87.webp\" class=\"attachment-full size-full ratio-square ratio-portrait\" alt=\"LSS_Sample_SL87\" \/><img loading=\"lazy\" decoding=\"async\" width=\"544\" height=\"420\" src=\"https:\/\/www.lewens.de\/wp-content\/uploads\/2025\/03\/Lewens_Gestellfarbe_SL-87.webp\" class=\"attachment-full size-full ratio-landscape\" alt=\"Lewens_Gestellfarbe_SL-87\" \/><\/span>\n\n\t<figcaption>\n        \n\t\t<span class=\"term--title\">\n\t\t\tAzzurro\t\t<\/span>\n\n        <span class=\"term--description\"><p>Structuurlak<br \/>\nMetallic glad, dofmat<\/p>\n<\/span>\n\n        <span class=\"term--color\">SL 87<\/span>\t<\/figcaption>\n<\/figure>\n<figure class=\"term-item taxonomy-frame_color swiper-slide\"\n\t>\n\t<span class=\"term--image\"><img loading=\"lazy\" decoding=\"async\" width=\"320\" height=\"320\" src=\"https:\/\/www.lewens.de\/wp-content\/uploads\/2026\/01\/Lewens_Gestellfarbe_RAL9006.webp\" class=\"attachment-full size-full ratio-square ratio-portrait\" alt=\"Lewens_Gestellfarbe_RAL9006\" \/><img loading=\"lazy\" decoding=\"async\" width=\"544\" height=\"420\" src=\"https:\/\/www.lewens.de\/wp-content\/uploads\/2025\/03\/Lewens_Gestellfarbe_SL-86.webp\" class=\"attachment-full size-full ratio-landscape\" alt=\"Lewens_Gestellfarbe_SL-86\" \/><\/span>\n\n\t<figcaption>\n        \n\t\t<span class=\"term--title\">\n\t\t\tRAL 9006 \u2013 Blank aluminiumkleurig\t\t<\/span>\n\n        <span class=\"term--description\"><p>Structuurlak<br \/>\nFijnstructuur mat<\/p>\n<\/span>\n\n        <span class=\"term--color\">SL 86<\/span>\t<\/figcaption>\n<\/figure>\n<figure class=\"term-item taxonomy-frame_color swiper-slide\"\n\t>\n\t<span class=\"term--image\"><img loading=\"lazy\" decoding=\"async\" width=\"320\" height=\"320\" src=\"https:\/\/www.lewens.de\/wp-content\/uploads\/2025\/01\/LSS_Sample_SL90.webp\" class=\"attachment-full size-full ratio-square ratio-portrait\" alt=\"LSS_Sample_SL90\" \/><img loading=\"lazy\" decoding=\"async\" width=\"544\" height=\"420\" src=\"https:\/\/www.lewens.de\/wp-content\/uploads\/2025\/03\/Lewens_Gestellfarbe_SL-90.webp\" class=\"attachment-full size-full ratio-landscape\" alt=\"Lewens_Gestellfarbe_SL-90\" \/><\/span>\n\n\t<figcaption>\n        \n\t\t<span class=\"term--title\">\n\t\t\tRAL 9007 \u2013 Grijs aluminiumkleurig\t\t<\/span>\n\n        <span class=\"term--description\"><p>Structuurlak<br \/>\nMetallic-fijnstructuur mat<\/p>\n<\/span>\n\n        <span class=\"term--color\">SL 90<\/span>\t<\/figcaption>\n<\/figure>\n<figure class=\"term-item taxonomy-frame_color swiper-slide\"\n\t>\n\t<span class=\"term--image\"><img loading=\"lazy\" decoding=\"async\" width=\"320\" height=\"320\" src=\"https:\/\/www.lewens.de\/wp-content\/uploads\/2025\/01\/LSS_Sample_SL91.webp\" class=\"attachment-full size-full ratio-square ratio-portrait\" alt=\"LSS_Sample_SL91\" \/><img loading=\"lazy\" decoding=\"async\" width=\"544\" height=\"420\" src=\"https:\/\/www.lewens.de\/wp-content\/uploads\/2025\/03\/Lewens_Gestellfarbe_SL-91.webp\" class=\"attachment-full size-full ratio-landscape\" alt=\"Lewens_Gestellfarbe_SL-91\" \/><\/span>\n\n\t<figcaption>\n        \n\t\t<span class=\"term--title\">\n\t\t\tRAL 7039 \u2013 Kwartsgrijs\t\t<\/span>\n\n        <span class=\"term--description\"><p>Structuurlak<br \/>\nMetallic-fijnstructuur mat<\/p>\n<\/span>\n\n        <span class=\"term--color\">SL 91<\/span>\t<\/figcaption>\n<\/figure>\n<figure class=\"term-item taxonomy-frame_color swiper-slide\"\n\t>\n\t<span class=\"term--image\"><img loading=\"lazy\" decoding=\"async\" width=\"320\" height=\"320\" src=\"https:\/\/www.lewens.de\/wp-content\/uploads\/2025\/01\/LSS_Sample_SL92.webp\" class=\"attachment-full size-full ratio-square ratio-portrait\" alt=\"LSS_Sample_SL92\" \/><img loading=\"lazy\" decoding=\"async\" width=\"544\" height=\"420\" src=\"https:\/\/www.lewens.de\/wp-content\/uploads\/2025\/03\/Lewens_Gestellfarbe_SL-92.webp\" class=\"attachment-full size-full ratio-landscape\" alt=\"Lewens_Gestellfarbe_SL-92\" \/><\/span>\n\n\t<figcaption>\n        \n\t\t<span class=\"term--title\">\n\t\t\tTerra bruin\t\t<\/span>\n\n        <span class=\"term--description\"><p>Structuurlak<br \/>\nMetallic-fijnstructuur mat<\/p>\n<\/span>\n\n        <span class=\"term--color\">SL 92<\/span>\t<\/figcaption>\n<\/figure>\n<figure class=\"term-item taxonomy-frame_color swiper-slide\"\n\t>\n\t<span class=\"term--image\"><img loading=\"lazy\" decoding=\"async\" width=\"320\" height=\"320\" src=\"https:\/\/www.lewens.de\/wp-content\/uploads\/2025\/01\/LSS_Sample_SL94.webp\" class=\"attachment-full size-full ratio-square ratio-portrait\" alt=\"LSS_Sample_SL94\" \/><img loading=\"lazy\" decoding=\"async\" width=\"544\" height=\"420\" src=\"https:\/\/www.lewens.de\/wp-content\/uploads\/2025\/03\/Lewens_Gestellfarbe_SL-94.webp\" class=\"attachment-full size-full ratio-landscape\" alt=\"Lewens_Gestellfarbe_SL-94\" \/><\/span>\n\n\t<figcaption>\n        \n\t\t<span class=\"term--title\">\n\t\t\tgelijkend op DB 703\t\t<\/span>\n\n        <span class=\"term--description\"><p>Structuurlak<br \/>\nMetallic-fijnstructuur mat<\/p>\n<\/span>\n\n        <span class=\"term--color\">SL 94<\/span>\t<\/figcaption>\n<\/figure>\n<figure class=\"term-item taxonomy-frame_color swiper-slide\"\n\t>\n\t<span class=\"term--image\"><img loading=\"lazy\" decoding=\"async\" width=\"320\" height=\"320\" src=\"https:\/\/www.lewens.de\/wp-content\/uploads\/2025\/01\/LSS_Sample_SL95.webp\" class=\"attachment-full size-full ratio-square ratio-portrait\" alt=\"LSS_Sample_SL95\" \/><img loading=\"lazy\" decoding=\"async\" width=\"544\" height=\"420\" src=\"https:\/\/www.lewens.de\/wp-content\/uploads\/2025\/03\/Lewens_Gestellfarbe_SL-95.webp\" class=\"attachment-full size-full ratio-landscape\" alt=\"Lewens_Gestellfarbe_SL-95\" \/><\/span>\n\n\t<figcaption>\n        \n\t\t<span class=\"term--title\">\n\t\t\tRAL 7048 \u2013 Parel muisgrijs\t\t<\/span>\n\n        <span class=\"term--description\"><p>Structuurlak<br \/>\nMetallic-fijnstructuur mat<\/p>\n<\/span>\n\n        <span class=\"term--color\">SL 95<\/span>\t<\/figcaption>\n<\/figure>\n<figure class=\"term-item taxonomy-frame_color swiper-slide\"\n\t>\n\t<span class=\"term--image\"><img loading=\"lazy\" decoding=\"async\" width=\"320\" height=\"320\" src=\"https:\/\/www.lewens.de\/wp-content\/uploads\/2025\/01\/LSS_Sample_SL96.webp\" class=\"attachment-full size-full ratio-square ratio-portrait\" alt=\"LSS_Sample_SL96\" \/><img loading=\"lazy\" decoding=\"async\" width=\"544\" height=\"420\" src=\"https:\/\/www.lewens.de\/wp-content\/uploads\/2025\/03\/Lewens_Gestellfarbe_SL-96.webp\" class=\"attachment-full size-full ratio-landscape\" alt=\"Lewens_Gestellfarbe_SL-96\" \/><\/span>\n\n\t<figcaption>\n        \n\t\t<span class=\"term--title\">\n\t\t\tArgento\t\t<\/span>\n\n        <span class=\"term--description\"><p>Structuurlak<br \/>\nMetallic-fijnstructuur mat<\/p>\n<\/span>\n\n        <span class=\"term--color\">SL 96<\/span>\t<\/figcaption>\n<\/figure>\n<figure class=\"term-item taxonomy-frame_color swiper-slide\"\n\t>\n\t<span class=\"term--image\"><img loading=\"lazy\" decoding=\"async\" width=\"320\" height=\"320\" src=\"https:\/\/www.lewens.de\/wp-content\/uploads\/2025\/01\/LSS_Sample_SL98.webp\" class=\"attachment-full size-full ratio-square ratio-portrait\" alt=\"LSS_Sample_SL98\" \/><img loading=\"lazy\" decoding=\"async\" width=\"544\" height=\"420\" src=\"https:\/\/www.lewens.de\/wp-content\/uploads\/2025\/03\/Lewens_Gestellfarbe_SL-98.webp\" class=\"attachment-full size-full ratio-landscape\" alt=\"Lewens_Gestellfarbe_SL-98\" \/><\/span>\n\n\t<figcaption>\n        \n\t\t<span class=\"term--title\">\n\t\t\tMarrone\t\t<\/span>\n\n        <span class=\"term--description\"><p>Structuurlak<br \/>\nMetallic-fijnstructuur mat<\/p>\n<\/span>\n\n        <span class=\"term--color\">SL 98<\/span>\t<\/figcaption>\n<\/figure>\n<figure class=\"term-item taxonomy-frame_color swiper-slide\"\n\t>\n\t<span class=\"term--image\"><img loading=\"lazy\" decoding=\"async\" width=\"320\" height=\"320\" src=\"https:\/\/www.lewens.de\/wp-content\/uploads\/2025\/01\/LSS_Sample_SL99.webp\" class=\"attachment-full size-full ratio-square ratio-portrait\" alt=\"LSS_Sample_SL99\" \/><img loading=\"lazy\" decoding=\"async\" width=\"544\" height=\"420\" src=\"https:\/\/www.lewens.de\/wp-content\/uploads\/2025\/03\/Lewens_Gestellfarbe_SL-99.webp\" class=\"attachment-full size-full ratio-landscape\" alt=\"Lewens_Gestellfarbe_SL-99\" \/><\/span>\n\n\t<figcaption>\n        \n\t\t<span class=\"term--title\">\n\t\t\tHighland groen\t\t<\/span>\n\n        <span class=\"term--description\"><p>Structuurlak<br \/>\nMetallic-fijnstructuur mat<\/p>\n<\/span>\n\n        <span class=\"term--color\">SL 99<\/span>\t<\/figcaption>\n<\/figure>\n<figure class=\"term-item taxonomy-frame_color swiper-slide\"\n\t>\n\t<span class=\"term--image\"><img loading=\"lazy\" decoding=\"async\" width=\"320\" height=\"320\" src=\"https:\/\/www.lewens.de\/wp-content\/uploads\/2025\/01\/LSS_Sample_SL97.webp\" class=\"attachment-full size-full ratio-square ratio-portrait\" alt=\"LSS_Sample_SL97\" \/><img loading=\"lazy\" decoding=\"async\" width=\"544\" height=\"420\" src=\"https:\/\/www.lewens.de\/wp-content\/uploads\/2025\/03\/Lewens_Gestellfarbe_SL-97.webp\" class=\"attachment-full size-full ratio-landscape\" alt=\"Lewens_Gestellfarbe_SL-97\" \/><\/span>\n\n\t<figcaption>\n        \n\t\t<span class=\"term--title\">\n\t\t\tChampagne\t\t<\/span>\n\n        <span class=\"term--description\"><p>Structuurlak<br \/>\nMetallic-fijnstructuur mat<\/p>\n<\/span>\n\n        <span class=\"term--color\">SL 97<\/span>\t<\/figcaption>\n<\/figure>\n<figure class=\"term-item taxonomy-frame_color swiper-slide\"\n\t>\n\t<span class=\"term--image\"><img loading=\"lazy\" decoding=\"async\" width=\"320\" height=\"320\" src=\"https:\/\/www.lewens.de\/wp-content\/uploads\/2025\/01\/LSS_Sample_SL100.webp\" class=\"attachment-full size-full ratio-square ratio-portrait\" alt=\"LSS_Sample_SL100\" \/><img loading=\"lazy\" decoding=\"async\" width=\"544\" height=\"420\" src=\"https:\/\/www.lewens.de\/wp-content\/uploads\/2025\/03\/Lewens_Gestellfarbe_SL-100.webp\" class=\"attachment-full size-full ratio-landscape\" alt=\"Lewens_Gestellfarbe_SL-100\" \/><\/span>\n\n\t<figcaption>\n        \n\t\t<span class=\"term--title\">\n\t\t\tRosso\t\t<\/span>\n\n        <span class=\"term--description\"><p>Structuurlak<br \/>\nMetallic-fijnstructuur mat<\/p>\n<\/span>\n\n        <span class=\"term--color\">SL 100<\/span>\t<\/figcaption>\n<\/figure>\n<figure class=\"term-item taxonomy-frame_color swiper-slide\"\n\t>\n\t<span class=\"term--image\"><img loading=\"lazy\" decoding=\"async\" width=\"320\" height=\"320\" src=\"https:\/\/www.lewens.de\/wp-content\/uploads\/2025\/03\/LSS_Sample_E6-EV1_Eloxal.webp\" class=\"attachment-full size-full ratio-square ratio-portrait\" alt=\"LSS_Sample_E6-EV1_Eloxal\" \/><img loading=\"lazy\" decoding=\"async\" width=\"544\" height=\"420\" src=\"https:\/\/www.lewens.de\/wp-content\/uploads\/2025\/03\/Lewens_Gestellfarbe_E6EV1.webp\" class=\"attachment-full size-full ratio-landscape\" alt=\"Lewens_Gestellfarbe_E6EV1\" \/><\/span>\n\n\t<figcaption>\n        \n\t\t<span class=\"term--title\">\n\t\t\tGe\u00ebloxeerd\t\t<\/span>\n\n        <span class=\"term--description\"><p>E6\/EV1 \u2013 zilver naturel<\/p>\n<\/span>\n\n        \t<\/figcaption>\n<\/figure>    <\/div>\n\n    <div class=\"swiper-ui\">\n        <div class=\"swiper-scrollbar\"><\/div>\n        <div class=\"swiper-button-prev\"><\/div>\n        <div class=\"swiper-button-next\"><\/div>\n    <\/div>\n<\/div>\n\n\n\n\n<div class=\"wp-block-buttons is-content-justification-center is-layout-flex wp-container-core-buttons-is-layout-16018d1d wp-block-buttons-is-layout-flex\">\n<div class=\"wp-block-button is-style-outline is-style-outline--1\"><a class=\"wp-block-button__link wp-element-button\" href=\"https:\/\/www.lewens.de\/gestellfarben\/\">Alle Gestellfarben<\/a><\/div>\n<\/div>\n<\/div>\n\n\n\n<div class=\"swiper taxonomy-terms swiper-overflow-visible\"\n     data-swiper=\"{&quot;navigation&quot;:true,&quot;pagination&quot;:&quot;scrollbar&quot;,&quot;slidesPerView&quot;:&quot;auto&quot;,&quot;mousewheel&quot;:true}\">\n     \n    <div class=\"swiper-wrapper\">\n        \n<figure class=\"term-item taxonomy-fabric_binding swiper-slide\"\n\t>\n\t<span class=\"term--image\"><img loading=\"lazy\" decoding=\"async\" width=\"500\" height=\"164\" src=\"https:\/\/www.lewens.de\/wp-content\/uploads\/2025\/02\/015_500x500.webp\" class=\"attachment-full size-full ratio-landscape\" alt=\"015_500x500\" \/><img loading=\"lazy\" decoding=\"async\" width=\"500\" height=\"164\" src=\"https:\/\/www.lewens.de\/wp-content\/uploads\/2025\/02\/015_500x500.webp\" class=\"attachment-full size-full ratio-landscape\" alt=\"015_500x500\" \/><\/span>\n\n\t<figcaption>\n        \n\t\t<span class=\"term--title\">\n\t\t\tBoordband 15\t\t<\/span>\n\n        <span class=\"term--description\"><p>Kleurgroep<br \/>Caffe - Bruin<\/p>\n<\/span>\n\n        \t<\/figcaption>\n<\/figure>\n<figure class=\"term-item taxonomy-fabric_binding swiper-slide\"\n\t>\n\t<span class=\"term--image\"><img loading=\"lazy\" decoding=\"async\" width=\"1000\" height=\"328\" src=\"https:\/\/www.lewens.de\/wp-content\/uploads\/2025\/02\/Lewens_Einfassband_73.webp\" class=\"attachment-full size-full ratio-landscape\" alt=\"Lewens_Einfassband_73\" \/><img loading=\"lazy\" decoding=\"async\" width=\"1000\" height=\"328\" src=\"https:\/\/www.lewens.de\/wp-content\/uploads\/2025\/02\/Lewens_Einfassband_73.webp\" class=\"attachment-full size-full ratio-landscape\" alt=\"Lewens_Einfassband_73\" \/><\/span>\n\n\t<figcaption>\n        \n\t\t<span class=\"term--title\">\n\t\t\tBoordband 73\t\t<\/span>\n\n        <span class=\"term--description\"><p>Kleurgroep<br \/>Terra - Rood<\/p>\n<\/span>\n\n        \t<\/figcaption>\n<\/figure>\n<figure class=\"term-item taxonomy-fabric_binding swiper-slide\"\n\t>\n\t<span class=\"term--image\"><img loading=\"lazy\" decoding=\"async\" width=\"500\" height=\"164\" src=\"https:\/\/www.lewens.de\/wp-content\/uploads\/2025\/02\/012_500x500.webp\" class=\"attachment-full size-full ratio-landscape\" alt=\"012_500x500\" \/><img loading=\"lazy\" decoding=\"async\" width=\"500\" height=\"164\" src=\"https:\/\/www.lewens.de\/wp-content\/uploads\/2025\/02\/012_500x500.webp\" class=\"attachment-full size-full ratio-landscape\" alt=\"012_500x500\" \/><\/span>\n\n\t<figcaption>\n        \n\t\t<span class=\"term--title\">\n\t\t\tBoordband 12\t\t<\/span>\n\n        <span class=\"term--description\"><p>Kleurgroep<br \/>Zoutoplossing \u2013 geel\/oranje<\/p>\n<\/span>\n\n        \t<\/figcaption>\n<\/figure>\n<figure class=\"term-item taxonomy-fabric_binding swiper-slide\"\n\t>\n\t<span class=\"term--image\"><img loading=\"lazy\" decoding=\"async\" width=\"500\" height=\"165\" src=\"https:\/\/www.lewens.de\/wp-content\/uploads\/2025\/02\/010_500x500.webp\" class=\"attachment-full size-full ratio-landscape\" alt=\"010_500x500\" \/><img loading=\"lazy\" decoding=\"async\" width=\"500\" height=\"165\" src=\"https:\/\/www.lewens.de\/wp-content\/uploads\/2025\/02\/010_500x500.webp\" class=\"attachment-full size-full ratio-landscape\" alt=\"010_500x500\" \/><\/span>\n\n\t<figcaption>\n        \n\t\t<span class=\"term--title\">\n\t\t\tBoordband 10\t\t<\/span>\n\n        <span class=\"term--description\"><p>Kleurgroep<br \/>Aqua - Blauw<\/p>\n<\/span>\n\n        \t<\/figcaption>\n<\/figure>\n<figure class=\"term-item taxonomy-fabric_binding swiper-slide\"\n\t>\n\t<span class=\"term--image\"><img loading=\"lazy\" decoding=\"async\" width=\"500\" height=\"164\" src=\"https:\/\/www.lewens.de\/wp-content\/uploads\/2025\/02\/015-1_500x500.webp\" class=\"attachment-full size-full ratio-landscape\" alt=\"015-1_500x500\" \/><img loading=\"lazy\" decoding=\"async\" width=\"500\" height=\"164\" src=\"https:\/\/www.lewens.de\/wp-content\/uploads\/2025\/02\/015-1_500x500.webp\" class=\"attachment-full size-full ratio-landscape\" alt=\"015-1_500x500\" \/><\/span>\n\n\t<figcaption>\n        \n\t\t<span class=\"term--title\">\n\t\t\tBoordband 15-1\t\t<\/span>\n\n        <span class=\"term--description\"><p>Kleurgroep<br \/>Caffe - Bruin<\/p>\n<\/span>\n\n        \t<\/figcaption>\n<\/figure>\n<figure class=\"term-item taxonomy-fabric_binding swiper-slide\"\n\t>\n\t<span class=\"term--image\"><img loading=\"lazy\" decoding=\"async\" width=\"1000\" height=\"328\" src=\"https:\/\/www.lewens.de\/wp-content\/uploads\/2025\/02\/Lewens_Einfassband_84.webp\" class=\"attachment-full size-full ratio-landscape\" alt=\"Lewens_Einfassband_84\" \/><img loading=\"lazy\" decoding=\"async\" width=\"1000\" height=\"328\" src=\"https:\/\/www.lewens.de\/wp-content\/uploads\/2025\/02\/Lewens_Einfassband_84.webp\" class=\"attachment-full size-full ratio-landscape\" alt=\"Lewens_Einfassband_84\" \/><\/span>\n\n\t<figcaption>\n        \n\t\t<span class=\"term--title\">\n\t\t\tBoordband 84\t\t<\/span>\n\n        <span class=\"term--description\"><p>Kleurgroep<br \/>Terra - Rood<\/p>\n<\/span>\n\n        \t<\/figcaption>\n<\/figure>\n<figure class=\"term-item taxonomy-fabric_binding swiper-slide\"\n\t>\n\t<span class=\"term--image\"><img loading=\"lazy\" decoding=\"async\" width=\"1000\" height=\"328\" src=\"https:\/\/www.lewens.de\/wp-content\/uploads\/2025\/02\/Lewens_Einfassband_16.webp\" class=\"attachment-full size-full ratio-landscape\" alt=\"Lewens_Einfassband_16\" \/><img loading=\"lazy\" decoding=\"async\" width=\"1000\" height=\"328\" src=\"https:\/\/www.lewens.de\/wp-content\/uploads\/2025\/02\/Lewens_Einfassband_16.webp\" class=\"attachment-full size-full ratio-landscape\" alt=\"Lewens_Einfassband_16\" \/><\/span>\n\n\t<figcaption>\n        \n\t\t<span class=\"term--title\">\n\t\t\tBoordband 16\t\t<\/span>\n\n        <span class=\"term--description\"><p>Kleurgroep<br \/>Flora - Groen<\/p>\n<\/span>\n\n        \t<\/figcaption>\n<\/figure>\n<figure class=\"term-item taxonomy-fabric_binding swiper-slide\"\n\t>\n\t<span class=\"term--image\"><img loading=\"lazy\" decoding=\"async\" width=\"1000\" height=\"328\" src=\"https:\/\/www.lewens.de\/wp-content\/uploads\/2025\/02\/Lewens_Einfassband_87.webp\" class=\"attachment-full size-full ratio-landscape\" alt=\"Lewens_Einfassband_87\" \/><img loading=\"lazy\" decoding=\"async\" width=\"1000\" height=\"328\" src=\"https:\/\/www.lewens.de\/wp-content\/uploads\/2025\/02\/Lewens_Einfassband_87.webp\" class=\"attachment-full size-full ratio-landscape\" alt=\"Lewens_Einfassband_87\" \/><\/span>\n\n\t<figcaption>\n        \n\t\t<span class=\"term--title\">\n\t\t\tBoordband 87\t\t<\/span>\n\n        <span class=\"term--description\"><p>Kleurgroep<br \/>Aqua - Blauw<\/p>\n<\/span>\n\n        \t<\/figcaption>\n<\/figure>\n<figure class=\"term-item taxonomy-fabric_binding swiper-slide\"\n\t>\n\t<span class=\"term--image\"><img loading=\"lazy\" decoding=\"async\" width=\"1000\" height=\"328\" src=\"https:\/\/www.lewens.de\/wp-content\/uploads\/2025\/02\/Lewens_Einfassband_52.webp\" class=\"attachment-full size-full ratio-landscape\" alt=\"Lewens_Einfassband_52\" \/><img loading=\"lazy\" decoding=\"async\" width=\"1000\" height=\"328\" src=\"https:\/\/www.lewens.de\/wp-content\/uploads\/2025\/02\/Lewens_Einfassband_52.webp\" class=\"attachment-full size-full ratio-landscape\" alt=\"Lewens_Einfassband_52\" \/><\/span>\n\n\t<figcaption>\n        \n\t\t<span class=\"term--title\">\n\t\t\tBoordband 52\t\t<\/span>\n\n        <span class=\"term--description\"><p>Kleurgroep<br \/>Caffe - Bruin<\/p>\n<\/span>\n\n        \t<\/figcaption>\n<\/figure>\n<figure class=\"term-item taxonomy-fabric_binding swiper-slide\"\n\t>\n\t<span class=\"term--image\"><img loading=\"lazy\" decoding=\"async\" width=\"500\" height=\"164\" src=\"https:\/\/www.lewens.de\/wp-content\/uploads\/2025\/02\/011_500x500.webp\" class=\"attachment-full size-full ratio-landscape\" alt=\"011_500x500\" \/><img loading=\"lazy\" decoding=\"async\" width=\"500\" height=\"164\" src=\"https:\/\/www.lewens.de\/wp-content\/uploads\/2025\/02\/011_500x500.webp\" class=\"attachment-full size-full ratio-landscape\" alt=\"011_500x500\" \/><\/span>\n\n\t<figcaption>\n        \n\t\t<span class=\"term--title\">\n\t\t\tBoordband 11\t\t<\/span>\n\n        <span class=\"term--description\"><p>Kleurgroep<br \/>Terra - Rood<\/p>\n<\/span>\n\n        \t<\/figcaption>\n<\/figure>\n<figure class=\"term-item taxonomy-fabric_binding swiper-slide\"\n\t>\n\t<span class=\"term--image\"><img loading=\"lazy\" decoding=\"async\" width=\"1000\" height=\"328\" src=\"https:\/\/www.lewens.de\/wp-content\/uploads\/2025\/02\/Lewens_Einfassband_6.webp\" class=\"attachment-full size-full ratio-landscape\" alt=\"Lewens_Einfassband_6\" \/><img loading=\"lazy\" decoding=\"async\" width=\"1000\" height=\"328\" src=\"https:\/\/www.lewens.de\/wp-content\/uploads\/2025\/02\/Lewens_Einfassband_6.webp\" class=\"attachment-full size-full ratio-landscape\" alt=\"Lewens_Einfassband_6\" \/><\/span>\n\n\t<figcaption>\n        \n\t\t<span class=\"term--title\">\n\t\t\tBoordband 6\t\t<\/span>\n\n        <span class=\"term--description\"><p>Kleurgroep<br \/>Flora - Groen<\/p>\n<\/span>\n\n        \t<\/figcaption>\n<\/figure>\n<figure class=\"term-item taxonomy-fabric_binding swiper-slide\"\n\t>\n\t<span class=\"term--image\"><img loading=\"lazy\" decoding=\"async\" width=\"1000\" height=\"330\" src=\"https:\/\/www.lewens.de\/wp-content\/uploads\/2025\/02\/Lewens_Einfassband_75.webp\" class=\"attachment-full size-full ratio-landscape\" alt=\"Lewens_Einfassband_75\" \/><img loading=\"lazy\" decoding=\"async\" width=\"1000\" height=\"330\" src=\"https:\/\/www.lewens.de\/wp-content\/uploads\/2025\/02\/Lewens_Einfassband_75.webp\" class=\"attachment-full size-full ratio-landscape\" alt=\"Lewens_Einfassband_75\" \/><\/span>\n\n\t<figcaption>\n        \n\t\t<span class=\"term--title\">\n\t\t\tBoordband 75\t\t<\/span>\n\n        <span class=\"term--description\"><p>Kleurgroep<br \/>Aqua - Blauw<\/p>\n<\/span>\n\n        \t<\/figcaption>\n<\/figure>\n<figure class=\"term-item taxonomy-fabric_binding swiper-slide\"\n\t>\n\t<span class=\"term--image\"><img loading=\"lazy\" decoding=\"async\" width=\"500\" height=\"164\" src=\"https:\/\/www.lewens.de\/wp-content\/uploads\/2025\/02\/014_500x500.webp\" class=\"attachment-full size-full ratio-landscape\" alt=\"014_500x500\" \/><img loading=\"lazy\" decoding=\"async\" width=\"500\" height=\"164\" src=\"https:\/\/www.lewens.de\/wp-content\/uploads\/2025\/02\/014_500x500.webp\" class=\"attachment-full size-full ratio-landscape\" alt=\"014_500x500\" \/><\/span>\n\n\t<figcaption>\n        \n\t\t<span class=\"term--title\">\n\t\t\tBoordband 14\t\t<\/span>\n\n        <span class=\"term--description\"><p>Kleurgroep<br \/>Caffe - Bruin<\/p>\n<\/span>\n\n        \t<\/figcaption>\n<\/figure>\n<figure class=\"term-item taxonomy-fabric_binding swiper-slide\"\n\t>\n\t<span class=\"term--image\"><img loading=\"lazy\" decoding=\"async\" width=\"1000\" height=\"328\" src=\"https:\/\/www.lewens.de\/wp-content\/uploads\/2025\/02\/Lewens_Einfassband_25.webp\" class=\"attachment-full size-full ratio-landscape\" alt=\"Lewens_Einfassband_25\" \/><img loading=\"lazy\" decoding=\"async\" width=\"1000\" height=\"328\" src=\"https:\/\/www.lewens.de\/wp-content\/uploads\/2025\/02\/Lewens_Einfassband_25.webp\" class=\"attachment-full size-full ratio-landscape\" alt=\"Lewens_Einfassband_25\" \/><\/span>\n\n\t<figcaption>\n        \n\t\t<span class=\"term--title\">\n\t\t\tBoordband 25\t\t<\/span>\n\n        <span class=\"term--description\"><p>Kleurgroep<br \/>Terra - Rood<\/p>\n<\/span>\n\n        \t<\/figcaption>\n<\/figure>\n<figure class=\"term-item taxonomy-fabric_binding swiper-slide\"\n\t>\n\t<span class=\"term--image\"><img loading=\"lazy\" decoding=\"async\" width=\"1000\" height=\"328\" src=\"https:\/\/www.lewens.de\/wp-content\/uploads\/2025\/02\/Lewens_Einfassband_62.webp\" class=\"attachment-full size-full ratio-landscape\" alt=\"Lewens_Einfassband_62\" \/><img loading=\"lazy\" decoding=\"async\" width=\"1000\" height=\"328\" src=\"https:\/\/www.lewens.de\/wp-content\/uploads\/2025\/02\/Lewens_Einfassband_62.webp\" class=\"attachment-full size-full ratio-landscape\" alt=\"Lewens_Einfassband_62\" \/><\/span>\n\n\t<figcaption>\n        \n\t\t<span class=\"term--title\">\n\t\t\tBoordband 62\t\t<\/span>\n\n        <span class=\"term--description\"><p>Kleurgroep<br \/>Flora - Groen<\/p>\n<\/span>\n\n        \t<\/figcaption>\n<\/figure>\n<figure class=\"term-item taxonomy-fabric_binding swiper-slide\"\n\t>\n\t<span class=\"term--image\"><img loading=\"lazy\" decoding=\"async\" width=\"1000\" height=\"330\" src=\"https:\/\/www.lewens.de\/wp-content\/uploads\/2025\/02\/Lewens_Einfassband_79.webp\" class=\"attachment-full size-full ratio-landscape\" alt=\"Lewens_Einfassband_79\" \/><img loading=\"lazy\" decoding=\"async\" width=\"1000\" height=\"330\" src=\"https:\/\/www.lewens.de\/wp-content\/uploads\/2025\/02\/Lewens_Einfassband_79.webp\" class=\"attachment-full size-full ratio-landscape\" alt=\"Lewens_Einfassband_79\" \/><\/span>\n\n\t<figcaption>\n        \n\t\t<span class=\"term--title\">\n\t\t\tBoordband 79\t\t<\/span>\n\n        <span class=\"term--description\"><p>Kleurgroep<br \/>Aqua - Blauw<\/p>\n<\/span>\n\n        \t<\/figcaption>\n<\/figure>\n<figure class=\"term-item taxonomy-fabric_binding swiper-slide\"\n\t>\n\t<span class=\"term--image\"><img loading=\"lazy\" decoding=\"async\" width=\"1000\" height=\"328\" src=\"https:\/\/www.lewens.de\/wp-content\/uploads\/2025\/02\/Lewens_Einfassband_106.webp\" class=\"attachment-full size-full ratio-landscape\" alt=\"Lewens_Einfassband_106\" \/><img loading=\"lazy\" decoding=\"async\" width=\"1000\" height=\"328\" src=\"https:\/\/www.lewens.de\/wp-content\/uploads\/2025\/02\/Lewens_Einfassband_106.webp\" class=\"attachment-full size-full ratio-landscape\" alt=\"Lewens_Einfassband_106\" \/><\/span>\n\n\t<figcaption>\n        \n\t\t<span class=\"term--title\">\n\t\t\tBoordband 106\t\t<\/span>\n\n        <span class=\"term--description\"><p>Kleurgroep<br \/>Caffe - Bruin<\/p>\n<\/span>\n\n        \t<\/figcaption>\n<\/figure>\n<figure class=\"term-item taxonomy-fabric_binding swiper-slide\"\n\t>\n\t<span class=\"term--image\"><img loading=\"lazy\" decoding=\"async\" width=\"1000\" height=\"328\" src=\"https:\/\/www.lewens.de\/wp-content\/uploads\/2025\/02\/Lewens_Einfassband_54.webp\" class=\"attachment-full size-full ratio-landscape\" alt=\"Lewens_Einfassband_54\" \/><img loading=\"lazy\" decoding=\"async\" width=\"1000\" height=\"328\" src=\"https:\/\/www.lewens.de\/wp-content\/uploads\/2025\/02\/Lewens_Einfassband_54.webp\" class=\"attachment-full size-full ratio-landscape\" alt=\"Lewens_Einfassband_54\" \/><\/span>\n\n\t<figcaption>\n        \n\t\t<span class=\"term--title\">\n\t\t\tBoordband 54\t\t<\/span>\n\n        <span class=\"term--description\"><p>Kleurgroep<br \/>Zoutoplossing \u2013 geel\/oranje<\/p>\n<\/span>\n\n        \t<\/figcaption>\n<\/figure>\n<figure class=\"term-item taxonomy-fabric_binding swiper-slide\"\n\t>\n\t<span class=\"term--image\"><img loading=\"lazy\" decoding=\"async\" width=\"500\" height=\"164\" src=\"https:\/\/www.lewens.de\/wp-content\/uploads\/2025\/02\/005_500x500.webp\" class=\"attachment-full size-full ratio-landscape\" alt=\"005_500x500\" \/><img loading=\"lazy\" decoding=\"async\" width=\"500\" height=\"164\" src=\"https:\/\/www.lewens.de\/wp-content\/uploads\/2025\/02\/005_500x500.webp\" class=\"attachment-full size-full ratio-landscape\" alt=\"005_500x500\" \/><\/span>\n\n\t<figcaption>\n        \n\t\t<span class=\"term--title\">\n\t\t\tBoordband 5\t\t<\/span>\n\n        <span class=\"term--description\"><p>Kleurgroep<br \/>Flora - Groen<\/p>\n<\/span>\n\n        \t<\/figcaption>\n<\/figure>\n<figure class=\"term-item taxonomy-fabric_binding swiper-slide\"\n\t>\n\t<span class=\"term--image\"><img loading=\"lazy\" decoding=\"async\" width=\"1000\" height=\"328\" src=\"https:\/\/www.lewens.de\/wp-content\/uploads\/2025\/02\/Lewens_Einfassband_94.webp\" class=\"attachment-full size-full ratio-landscape\" alt=\"Lewens_Einfassband_94\" \/><img loading=\"lazy\" decoding=\"async\" width=\"1000\" height=\"328\" src=\"https:\/\/www.lewens.de\/wp-content\/uploads\/2025\/02\/Lewens_Einfassband_94.webp\" class=\"attachment-full size-full ratio-landscape\" alt=\"Lewens_Einfassband_94\" \/><\/span>\n\n\t<figcaption>\n        \n\t\t<span class=\"term--title\">\n\t\t\tBoordband 94\t\t<\/span>\n\n        <span class=\"term--description\"><p>Kleurgroep<br \/>Graniet - Grijs<\/p>\n<\/span>\n\n        \t<\/figcaption>\n<\/figure>\n<figure class=\"term-item taxonomy-fabric_binding swiper-slide\"\n\t>\n\t<span class=\"term--image\"><img loading=\"lazy\" decoding=\"async\" width=\"1000\" height=\"328\" src=\"https:\/\/www.lewens.de\/wp-content\/uploads\/2025\/02\/Lewens_Einfassband_929.webp\" class=\"attachment-full size-full ratio-landscape\" alt=\"Lewens_Einfassband_929\" \/><img loading=\"lazy\" decoding=\"async\" width=\"1000\" height=\"328\" src=\"https:\/\/www.lewens.de\/wp-content\/uploads\/2025\/02\/Lewens_Einfassband_929.webp\" class=\"attachment-full size-full ratio-landscape\" alt=\"Lewens_Einfassband_929\" \/><\/span>\n\n\t<figcaption>\n        \n\t\t<span class=\"term--title\">\n\t\t\tBoordband 929\t\t<\/span>\n\n        <span class=\"term--description\"><p>Kleurgroep<br \/>Caffe - Bruin<\/p>\n<\/span>\n\n        \t<\/figcaption>\n<\/figure>\n<figure class=\"term-item taxonomy-fabric_binding swiper-slide\"\n\t>\n\t<span class=\"term--image\"><img loading=\"lazy\" decoding=\"async\" width=\"1000\" height=\"328\" src=\"https:\/\/www.lewens.de\/wp-content\/uploads\/2025\/02\/Lewens_Einfassband_58.webp\" class=\"attachment-full size-full ratio-landscape\" alt=\"Lewens_Einfassband_58\" \/><img loading=\"lazy\" decoding=\"async\" width=\"1000\" height=\"328\" src=\"https:\/\/www.lewens.de\/wp-content\/uploads\/2025\/02\/Lewens_Einfassband_58.webp\" class=\"attachment-full size-full ratio-landscape\" alt=\"Lewens_Einfassband_58\" \/><\/span>\n\n\t<figcaption>\n        \n\t\t<span class=\"term--title\">\n\t\t\tBoordband 58\t\t<\/span>\n\n        <span class=\"term--description\"><p>Kleurgroep<br \/>Caffe - Bruin<\/p>\n<\/span>\n\n        \t<\/figcaption>\n<\/figure>\n<figure class=\"term-item taxonomy-fabric_binding swiper-slide\"\n\t>\n\t<span class=\"term--image\"><img loading=\"lazy\" decoding=\"async\" width=\"500\" height=\"164\" src=\"https:\/\/www.lewens.de\/wp-content\/uploads\/2025\/02\/007_500x500.webp\" class=\"attachment-full size-full ratio-landscape\" alt=\"007_500x500\" \/><img loading=\"lazy\" decoding=\"async\" width=\"500\" height=\"164\" src=\"https:\/\/www.lewens.de\/wp-content\/uploads\/2025\/02\/007_500x500.webp\" class=\"attachment-full size-full ratio-landscape\" alt=\"007_500x500\" \/><\/span>\n\n\t<figcaption>\n        \n\t\t<span class=\"term--title\">\n\t\t\tBoordband 7\t\t<\/span>\n\n        <span class=\"term--description\"><p>Kleurgroep<br \/>Flora - Groen<\/p>\n<\/span>\n\n        \t<\/figcaption>\n<\/figure>\n<figure class=\"term-item taxonomy-fabric_binding swiper-slide\"\n\t>\n\t<span class=\"term--image\"><img loading=\"lazy\" decoding=\"async\" width=\"1000\" height=\"328\" src=\"https:\/\/www.lewens.de\/wp-content\/uploads\/2025\/02\/Lewens_Einfassband_727.webp\" class=\"attachment-full size-full ratio-landscape\" alt=\"Lewens_Einfassband_727\" \/><img loading=\"lazy\" decoding=\"async\" width=\"1000\" height=\"328\" src=\"https:\/\/www.lewens.de\/wp-content\/uploads\/2025\/02\/Lewens_Einfassband_727.webp\" class=\"attachment-full size-full ratio-landscape\" alt=\"Lewens_Einfassband_727\" \/><\/span>\n\n\t<figcaption>\n        \n\t\t<span class=\"term--title\">\n\t\t\tBoordband 727\t\t<\/span>\n\n        <span class=\"term--description\"><p>Kleurgroep<br \/>Graniet - Grijs<\/p>\n<\/span>\n\n        \t<\/figcaption>\n<\/figure>\n<figure class=\"term-item taxonomy-fabric_binding swiper-slide\"\n\t>\n\t<span class=\"term--image\"><img loading=\"lazy\" decoding=\"async\" width=\"1000\" height=\"328\" src=\"https:\/\/www.lewens.de\/wp-content\/uploads\/2025\/02\/Lewens_Einfassband_926.webp\" class=\"attachment-full size-full ratio-landscape\" alt=\"Lewens_Einfassband_926\" \/><img loading=\"lazy\" decoding=\"async\" width=\"1000\" height=\"328\" src=\"https:\/\/www.lewens.de\/wp-content\/uploads\/2025\/02\/Lewens_Einfassband_926.webp\" class=\"attachment-full size-full ratio-landscape\" alt=\"Lewens_Einfassband_926\" \/><\/span>\n\n\t<figcaption>\n        \n\t\t<span class=\"term--title\">\n\t\t\tBoordband 926\t\t<\/span>\n\n        <span class=\"term--description\"><p>Kleurgroep<br \/>Caffe - Bruin<\/p>\n<\/span>\n\n        \t<\/figcaption>\n<\/figure>\n<figure class=\"term-item taxonomy-fabric_binding swiper-slide\"\n\t>\n\t<span class=\"term--image\"><img loading=\"lazy\" decoding=\"async\" width=\"1000\" height=\"328\" src=\"https:\/\/www.lewens.de\/wp-content\/uploads\/2025\/02\/Lewens_Einfassband_55.webp\" class=\"attachment-full size-full ratio-landscape\" alt=\"Lewens_Einfassband_55\" \/><img loading=\"lazy\" decoding=\"async\" width=\"1000\" height=\"328\" src=\"https:\/\/www.lewens.de\/wp-content\/uploads\/2025\/02\/Lewens_Einfassband_55.webp\" class=\"attachment-full size-full ratio-landscape\" alt=\"Lewens_Einfassband_55\" \/><\/span>\n\n\t<figcaption>\n        \n\t\t<span class=\"term--title\">\n\t\t\tBoordband 55\t\t<\/span>\n\n        <span class=\"term--description\"><p>Kleurgroep<br \/>Zoutoplossing \u2013 geel\/oranje<\/p>\n<\/span>\n\n        \t<\/figcaption>\n<\/figure>\n<figure class=\"term-item taxonomy-fabric_binding swiper-slide\"\n\t>\n\t<span class=\"term--image\"><img loading=\"lazy\" decoding=\"async\" width=\"1000\" height=\"330\" src=\"https:\/\/www.lewens.de\/wp-content\/uploads\/2025\/02\/Lewens_Einfassband_71.webp\" class=\"attachment-full size-full ratio-landscape\" alt=\"Lewens_Einfassband_71\" \/><img loading=\"lazy\" decoding=\"async\" width=\"1000\" height=\"330\" src=\"https:\/\/www.lewens.de\/wp-content\/uploads\/2025\/02\/Lewens_Einfassband_71.webp\" class=\"attachment-full size-full ratio-landscape\" alt=\"Lewens_Einfassband_71\" \/><\/span>\n\n\t<figcaption>\n        \n\t\t<span class=\"term--title\">\n\t\t\tBoordband 71\t\t<\/span>\n\n        <span class=\"term--description\"><p>Kleurgroep<br \/>Aqua - Blauw<\/p>\n<\/span>\n\n        \t<\/figcaption>\n<\/figure>\n<figure class=\"term-item taxonomy-fabric_binding swiper-slide\"\n\t>\n\t<span class=\"term--image\"><img loading=\"lazy\" decoding=\"async\" width=\"1000\" height=\"328\" src=\"https:\/\/www.lewens.de\/wp-content\/uploads\/2025\/02\/Lewens_Einfassband_97.webp\" class=\"attachment-full size-full ratio-landscape\" alt=\"Lewens_Einfassband_97\" \/><img loading=\"lazy\" decoding=\"async\" width=\"1000\" height=\"328\" src=\"https:\/\/www.lewens.de\/wp-content\/uploads\/2025\/02\/Lewens_Einfassband_97.webp\" class=\"attachment-full size-full ratio-landscape\" alt=\"Lewens_Einfassband_97\" \/><\/span>\n\n\t<figcaption>\n        \n\t\t<span class=\"term--title\">\n\t\t\tBoordband 97\t\t<\/span>\n\n        <span class=\"term--description\"><p>Kleurgroep<br \/>Graniet - Grijs<\/p>\n<\/span>\n\n        \t<\/figcaption>\n<\/figure>\n<figure class=\"term-item taxonomy-fabric_binding swiper-slide\"\n\t>\n\t<span class=\"term--image\"><img loading=\"lazy\" decoding=\"async\" width=\"1000\" height=\"328\" src=\"https:\/\/www.lewens.de\/wp-content\/uploads\/2025\/02\/Lewens_Einfassband_57.webp\" class=\"attachment-full size-full ratio-landscape\" alt=\"Lewens_Einfassband_57\" \/><img loading=\"lazy\" decoding=\"async\" width=\"1000\" height=\"328\" src=\"https:\/\/www.lewens.de\/wp-content\/uploads\/2025\/02\/Lewens_Einfassband_57.webp\" class=\"attachment-full size-full ratio-landscape\" alt=\"Lewens_Einfassband_57\" \/><\/span>\n\n\t<figcaption>\n        \n\t\t<span class=\"term--title\">\n\t\t\tBoordband 57\t\t<\/span>\n\n        <span class=\"term--description\"><p>Kleurgroep<br \/>Caffe - Bruin<\/p>\n<\/span>\n\n        \t<\/figcaption>\n<\/figure>\n<figure class=\"term-item taxonomy-fabric_binding swiper-slide\"\n\t>\n\t<span class=\"term--image\"><img loading=\"lazy\" decoding=\"async\" width=\"1000\" height=\"328\" src=\"https:\/\/www.lewens.de\/wp-content\/uploads\/2025\/02\/Lewens_Einfassband_72.webp\" class=\"attachment-full size-full ratio-landscape\" alt=\"Lewens_Einfassband_72\" \/><img loading=\"lazy\" decoding=\"async\" width=\"1000\" height=\"328\" src=\"https:\/\/www.lewens.de\/wp-content\/uploads\/2025\/02\/Lewens_Einfassband_72.webp\" class=\"attachment-full size-full ratio-landscape\" alt=\"Lewens_Einfassband_72\" \/><\/span>\n\n\t<figcaption>\n        \n\t\t<span class=\"term--title\">\n\t\t\tBoordband 72\t\t<\/span>\n\n        <span class=\"term--description\"><p>Kleurgroep<br \/>Terra - Rood<\/p>\n<\/span>\n\n        \t<\/figcaption>\n<\/figure>\n<figure class=\"term-item taxonomy-fabric_binding swiper-slide\"\n\t>\n\t<span class=\"term--image\"><img loading=\"lazy\" decoding=\"async\" width=\"1000\" height=\"330\" src=\"https:\/\/www.lewens.de\/wp-content\/uploads\/2025\/02\/Lewens_Einfassband_77.webp\" class=\"attachment-full size-full ratio-landscape\" alt=\"Lewens_Einfassband_77\" \/><img loading=\"lazy\" decoding=\"async\" width=\"1000\" height=\"330\" src=\"https:\/\/www.lewens.de\/wp-content\/uploads\/2025\/02\/Lewens_Einfassband_77.webp\" class=\"attachment-full size-full ratio-landscape\" alt=\"Lewens_Einfassband_77\" \/><\/span>\n\n\t<figcaption>\n        \n\t\t<span class=\"term--title\">\n\t\t\tBoordband 77\t\t<\/span>\n\n        <span class=\"term--description\"><p>Kleurgroep<br \/>Aqua - Blauw<\/p>\n<\/span>\n\n        \t<\/figcaption>\n<\/figure>\n<figure class=\"term-item taxonomy-fabric_binding swiper-slide\"\n\t>\n\t<span class=\"term--image\"><img loading=\"lazy\" decoding=\"async\" width=\"1000\" height=\"328\" src=\"https:\/\/www.lewens.de\/wp-content\/uploads\/2025\/02\/Lewens_Einfassband_81.webp\" class=\"attachment-full size-full ratio-landscape\" alt=\"Lewens_Einfassband_81\" \/><img loading=\"lazy\" decoding=\"async\" width=\"1000\" height=\"328\" src=\"https:\/\/www.lewens.de\/wp-content\/uploads\/2025\/02\/Lewens_Einfassband_81.webp\" class=\"attachment-full size-full ratio-landscape\" alt=\"Lewens_Einfassband_81\" \/><\/span>\n\n\t<figcaption>\n        \n\t\t<span class=\"term--title\">\n\t\t\tBoordband 81\t\t<\/span>\n\n        <span class=\"term--description\"><p>Kleurgroep<br \/>Caffe - Bruin<\/p>\n<\/span>\n\n        \t<\/figcaption>\n<\/figure>\n<figure class=\"term-item taxonomy-fabric_binding swiper-slide\"\n\t>\n\t<span class=\"term--image\"><img loading=\"lazy\" decoding=\"async\" width=\"1000\" height=\"328\" src=\"https:\/\/www.lewens.de\/wp-content\/uploads\/2025\/02\/Lewens_Einfassband_930.webp\" class=\"attachment-full size-full ratio-landscape\" alt=\"Lewens_Einfassband_930\" \/><img loading=\"lazy\" decoding=\"async\" width=\"1000\" height=\"328\" src=\"https:\/\/www.lewens.de\/wp-content\/uploads\/2025\/02\/Lewens_Einfassband_930.webp\" class=\"attachment-full size-full ratio-landscape\" alt=\"Lewens_Einfassband_930\" \/><\/span>\n\n\t<figcaption>\n        \n\t\t<span class=\"term--title\">\n\t\t\tBoordband 930\t\t<\/span>\n\n        <span class=\"term--description\"><p>Kleurgroep<br \/>Caffe - Bruin<\/p>\n<\/span>\n\n        \t<\/figcaption>\n<\/figure>\n<figure class=\"term-item taxonomy-fabric_binding swiper-slide\"\n\t>\n\t<span class=\"term--image\"><img loading=\"lazy\" decoding=\"async\" width=\"1000\" height=\"328\" src=\"https:\/\/www.lewens.de\/wp-content\/uploads\/2025\/02\/Lewens_Einfassband_56.webp\" class=\"attachment-full size-full ratio-landscape\" alt=\"Lewens_Einfassband_56\" \/><img loading=\"lazy\" decoding=\"async\" width=\"1000\" height=\"328\" src=\"https:\/\/www.lewens.de\/wp-content\/uploads\/2025\/02\/Lewens_Einfassband_56.webp\" class=\"attachment-full size-full ratio-landscape\" alt=\"Lewens_Einfassband_56\" \/><\/span>\n\n\t<figcaption>\n        \n\t\t<span class=\"term--title\">\n\t\t\tBoordband 56\t\t<\/span>\n\n        <span class=\"term--description\"><p>Kleurgroep<br \/>Terra - Rood<\/p>\n<\/span>\n\n        \t<\/figcaption>\n<\/figure>\n<figure class=\"term-item taxonomy-fabric_binding swiper-slide\"\n\t>\n\t<span class=\"term--image\"><img loading=\"lazy\" decoding=\"async\" width=\"500\" height=\"165\" src=\"https:\/\/www.lewens.de\/wp-content\/uploads\/2025\/02\/013_500x500.webp\" class=\"attachment-full size-full ratio-landscape\" alt=\"013_500x500\" \/><img loading=\"lazy\" decoding=\"async\" width=\"500\" height=\"165\" src=\"https:\/\/www.lewens.de\/wp-content\/uploads\/2025\/02\/013_500x500.webp\" class=\"attachment-full size-full ratio-landscape\" alt=\"013_500x500\" \/><\/span>\n\n\t<figcaption>\n        \n\t\t<span class=\"term--title\">\n\t\t\tBoordband 13\t\t<\/span>\n\n        <span class=\"term--description\"><p>Kleurgroep<br \/>Aqua - Blauw<\/p>\n<\/span>\n\n        \t<\/figcaption>\n<\/figure>\n<figure class=\"term-item taxonomy-fabric_binding swiper-slide\"\n\t>\n\t<span class=\"term--image\"><img loading=\"lazy\" decoding=\"async\" width=\"1000\" height=\"328\" src=\"https:\/\/www.lewens.de\/wp-content\/uploads\/2025\/02\/Lewens_Einfassband_24.webp\" class=\"attachment-full size-full ratio-landscape\" alt=\"Lewens_Einfassband_24\" \/><img loading=\"lazy\" decoding=\"async\" width=\"1000\" height=\"328\" src=\"https:\/\/www.lewens.de\/wp-content\/uploads\/2025\/02\/Lewens_Einfassband_24.webp\" class=\"attachment-full size-full ratio-landscape\" alt=\"Lewens_Einfassband_24\" \/><\/span>\n\n\t<figcaption>\n        \n\t\t<span class=\"term--title\">\n\t\t\tBoordband 24\t\t<\/span>\n\n        <span class=\"term--description\"><p>Kleurgroep<br \/>Graniet - Grijs<\/p>\n<\/span>\n\n        \t<\/figcaption>\n<\/figure>    <\/div>\n\n    <div class=\"swiper-ui\">\n        <div class=\"swiper-scrollbar\"><\/div>\n        <div class=\"swiper-button-prev\"><\/div>\n        <div class=\"swiper-button-next\"><\/div>\n    <\/div>\n<\/div>\n\n\n\n\n<div class=\"wp-block-buttons is-content-justification-center is-layout-flex wp-container-core-buttons-is-layout-16018d1d wp-block-buttons-is-layout-flex\">\n<div class=\"wp-block-button is-style-outline is-style-outline--2\"><a class=\"wp-block-button__link wp-element-button\" href=\"\/accessory\/volant\/\">Alle Volants &amp; Einfassb\u00e4nder<\/a><\/div>\n<\/div>\n<\/div>\n\n\n\n<div class=\"wp-block-group m-130 is-layout-constrained wp-block-group-is-layout-constrained\">\n<div class=\"wp-block-media-text is-stacked-on-mobile is-vertically-aligned-bottom is-image-fill-element width-xxl has-white-background-color has-background\"><figure class=\"wp-block-media-text__media\"><img loading=\"lazy\" decoding=\"async\" width=\"680\" height=\"545\" src=\"https:\/\/www.lewens.de\/wp-content\/uploads\/2025\/01\/Rectangle-250-3.png\" alt=\"\" class=\"wp-image-431 size-full\" style=\"object-position:50% 50%\"\/><\/figure><div class=\"wp-block-media-text__content\">\n<h2 class=\"wp-block-heading h2\">Pr\u00e9contraint 302: leicht, stabil, wetterfest<\/h2>\n\n\n\n<p>Pr\u00e9contraint 302 sch\u00fctzt zuverl\u00e4ssig vor Wetter und Sonne. Das Gewebe ist wasserabweisend, blickdicht und trotzdem leicht. Es bleibt formstabil und rei\u00dffest, hat eine glatte, schmutzabweisende Oberfl\u00e4che und l\u00e4sst sich einfach reinigen \u2013 ideal f\u00fcr Faltmarkisen wie Positano.<\/p>\n<\/div><\/div>\n<\/div>\n\n\n\n<div class=\"wp-block-group is-layout-constrained wp-block-group-is-layout-constrained\">\n<h2 class=\"wp-block-heading has-text-align-center\">Weitere T\u00fccher in Uni\/Feinstruktur<\/h2>\n\n\n\n<div data-uuid=\"f7e3b93e-e1c2-4b8f-bd7f-21f35d73454d\" data-grid=\"3\" class=\"wp-block-posts-list-block fabric-posts-list wp-block-group is-layout-grid wp-block-group-is-layout-grid\"><span class=\"posts-list--do-not-append\" data-result-cnt=\"6\" hidden><span>6 resultaten<\/span><\/span>\n\t\t\t<article id=\"post-11595\" class=\"term-item post-11595 fabric type-fabric status-publish has-post-thumbnail hentry fabric_pattern-uni-fijne-structuur fabric_color-ivoor fabric_material-precontraint-302-waterafstotend fabric_width-180-cm-709 nl-NL teaser-view\"\tdata-href=\"https:\/\/www.lewens.de\/nl\/zonweringstoffen\/precontraint-302-20392\/\">\n    \n\t    \n            <figure class=\"wp-block-image post-thumbnail\" data-href=\"https:\/\/www.lewens.de\/nl\/zonweringstoffen\/precontraint-302-20392\/\" aria-hidden=\"true\" tabindex=\"-1\">\n\t\t\t\t<img loading=\"lazy\" decoding=\"async\" width=\"560\" height=\"425\" src=\"https:\/\/www.lewens.de\/wp-content\/uploads\/2025\/09\/20392_560x425-1.webp\" class=\"attachment-post-thumbnail size-post-thumbnail ratio-landscape wp-post-image\" alt=\"Pr\u00e9contraint 302-20392\" \/><img loading=\"lazy\" decoding=\"async\" width=\"560\" height=\"425\" src=\"https:\/\/www.lewens.de\/wp-content\/uploads\/2025\/09\/20392_560x425-1.webp\" class=\"attachment-post-thumbnail size-post-thumbnail ratio-landscape wp-post-image\" alt=\"Pr\u00e9contraint 302-20392\" \/>            <\/figure>\n\n\t\t\n        <div class=\"entry-content\">\n\t\t    <h2 class=\"entry-title\"><a href=\"https:\/\/www.lewens.de\/nl\/zonweringstoffen\/precontraint-302-20392\/\" rel=\"bookmark\">Pr\u00e9contraint 302-20392<\/a><\/h2>\n            <div class=\"wp-block-buttons is-style-outline\">\n                <a href=\"https:\/\/www.lewens.de\/nl\/zonweringstoffen\/precontraint-302-20392\/\" class=\"wp-element-button\">\n\t\t\t\t    Details                <\/a>\n            <\/div>\n        <\/div>\n\n    <\/article><!-- #post-11595 -->\n<article id=\"post-11593\" class=\"term-item post-11593 fabric type-fabric status-publish has-post-thumbnail hentry fabric_pattern-uni-fijne-structuur fabric_color-antraciet fabric_material-precontraint-302-waterafstotend fabric_width-180-cm-709 nl-NL teaser-view\"\tdata-href=\"https:\/\/www.lewens.de\/nl\/zonweringstoffen\/precontraint-302-20395\/\">\n    \n\t    \n            <figure class=\"wp-block-image post-thumbnail\" data-href=\"https:\/\/www.lewens.de\/nl\/zonweringstoffen\/precontraint-302-20395\/\" aria-hidden=\"true\" tabindex=\"-1\">\n\t\t\t\t<img loading=\"lazy\" decoding=\"async\" width=\"560\" height=\"425\" src=\"https:\/\/www.lewens.de\/wp-content\/uploads\/2025\/09\/20395_560x425-1.webp\" class=\"attachment-post-thumbnail size-post-thumbnail ratio-landscape wp-post-image\" alt=\"Pr\u00e9contraint 302-20395\" \/><img loading=\"lazy\" decoding=\"async\" width=\"560\" height=\"425\" src=\"https:\/\/www.lewens.de\/wp-content\/uploads\/2025\/09\/20395_560x425-1.webp\" class=\"attachment-post-thumbnail size-post-thumbnail ratio-landscape wp-post-image\" alt=\"Pr\u00e9contraint 302-20395\" \/>            <\/figure>\n\n\t\t\n        <div class=\"entry-content\">\n\t\t    <h2 class=\"entry-title\"><a href=\"https:\/\/www.lewens.de\/nl\/zonweringstoffen\/precontraint-302-20395\/\" rel=\"bookmark\">Pr\u00e9contraint 302-20395<\/a><\/h2>\n            <div class=\"wp-block-buttons is-style-outline\">\n                <a href=\"https:\/\/www.lewens.de\/nl\/zonweringstoffen\/precontraint-302-20395\/\" class=\"wp-element-button\">\n\t\t\t\t    Details                <\/a>\n            <\/div>\n        <\/div>\n\n    <\/article><!-- #post-11593 -->\n<article id=\"post-11591\" class=\"term-item post-11591 fabric type-fabric status-publish has-post-thumbnail hentry fabric_pattern-uni-fijne-structuur fabric_color-grijs fabric_material-precontraint-302-waterafstotend fabric_width-180-cm-709 nl-NL teaser-view\"\tdata-href=\"https:\/\/www.lewens.de\/nl\/zonweringstoffen\/precontraint-302-20394\/\">\n    \n\t    \n            <figure class=\"wp-block-image post-thumbnail\" data-href=\"https:\/\/www.lewens.de\/nl\/zonweringstoffen\/precontraint-302-20394\/\" aria-hidden=\"true\" tabindex=\"-1\">\n\t\t\t\t<img loading=\"lazy\" decoding=\"async\" width=\"560\" height=\"425\" src=\"https:\/\/www.lewens.de\/wp-content\/uploads\/2025\/09\/20394_560x425-1.webp\" class=\"attachment-post-thumbnail size-post-thumbnail ratio-landscape wp-post-image\" alt=\"Pr\u00e9contraint 302-20394\" \/><img loading=\"lazy\" decoding=\"async\" width=\"560\" height=\"425\" src=\"https:\/\/www.lewens.de\/wp-content\/uploads\/2025\/09\/20394_560x425-1.webp\" class=\"attachment-post-thumbnail size-post-thumbnail ratio-landscape wp-post-image\" alt=\"Pr\u00e9contraint 302-20394\" \/>            <\/figure>\n\n\t\t\n        <div class=\"entry-content\">\n\t\t    <h2 class=\"entry-title\"><a href=\"https:\/\/www.lewens.de\/nl\/zonweringstoffen\/precontraint-302-20394\/\" rel=\"bookmark\">Pr\u00e9contraint 302-20394<\/a><\/h2>\n            <div class=\"wp-block-buttons is-style-outline\">\n                <a href=\"https:\/\/www.lewens.de\/nl\/zonweringstoffen\/precontraint-302-20394\/\" class=\"wp-element-button\">\n\t\t\t\t    Details                <\/a>\n            <\/div>\n        <\/div>\n\n    <\/article><!-- #post-11591 -->\n<\/div>\n<\/div>\n\n\n\n<div class=\"wp-block-group alignfull footer-cta has-bronze-background-color has-background is-layout-constrained wp-block-group-is-layout-constrained\" style=\"background:linear-gradient(180deg,rgba(227,227,216,0) 68%,rgb(216,175,123) 68%)\">\n<div class=\"wp-block-columns is-layout-flex wp-container-core-columns-is-layout-9d6595d7 wp-block-columns-is-layout-flex\">\n<div class=\"wp-block-column is-layout-flow wp-block-column-is-layout-flow\">\n<div class=\"wp-block-group has-yellow-background-color has-background is-layout-constrained wp-block-group-is-layout-constrained\" style=\"background:linear-gradient(180deg,rgba(249,249,249,0) 31%,rgb(255,222,19) 31%)\">\n<figure class=\"wp-block-image size-full is-resized\"><img loading=\"lazy\" decoding=\"async\" width=\"1136\" height=\"910\" src=\"https:\/\/www.lewens.de\/wp-content\/uploads\/2025\/02\/Lewens_Fachhaendler-Beratung.webp\" alt=\"\" class=\"wp-image-1993\" style=\"object-fit:cover;width:359px;height:288px\"\/><\/figure>\n\n\n\n<h2 class=\"wp-block-heading\">Hier geht\u2019s zum Fachh\u00e4ndler in Ihrer N\u00e4he.<\/h2>\n\n\n\n<div class=\"wp-block-buttons has-yellow-background-color has-background is-content-justification-left is-layout-flex wp-container-core-buttons-is-layout-fdcfc74e wp-block-buttons-is-layout-flex\">\n<div class=\"wp-block-button is-style-outline is-style-outline--3\"><a class=\"wp-block-button__link wp-element-button\" href=\"https:\/\/www.lewens.de\/fachhaendler\/\">Zur Fachh\u00e4ndlersuche<\/a><\/div>\n<\/div>\n<\/div>\n<\/div>\n\n\n\n<div class=\"wp-block-column is-layout-flow wp-block-column-is-layout-flow\">\n<div class=\"wp-block-group has-dark-brown-background-color has-white-color has-text-color has-background has-link-color wp-elements-896a198aaa3680943d3ff0dd7818e9fa is-layout-constrained wp-block-group-is-layout-constrained\" style=\"background:linear-gradient(180deg,rgba(249,249,249,0) 31%,rgb(46,45,44) 31%)\">\n<figure class=\"wp-block-image size-full is-resized\"><img loading=\"lazy\" decoding=\"async\" width=\"601\" height=\"482\" src=\"https:\/\/www.lewens.de\/wp-content\/uploads\/2025\/03\/Lewens_Modul-Karriere.webp\" alt=\"\" class=\"wp-image-2593\" style=\"object-fit:cover;width:359px;height:288px\"\/><\/figure>\n\n\n\n<h2 class=\"wp-block-heading has-white-color has-text-color has-link-color wp-elements-48a38e9f79cf351d480b087c666c2af8\">A great place to work \u2013 Lewens als Arbeitgeber<\/h2>\n\n\n\n<div class=\"wp-block-buttons is-layout-flex wp-block-buttons-is-layout-flex\">\n<div class=\"wp-block-button is-style-outline is-style-outline--4\"><a class=\"wp-block-button__link wp-element-button\" href=\"https:\/\/www.lewens.de\/stellenangebote\/\">Stellenangebote bei Lewens<\/a><\/div>\n<\/div>\n<\/div>\n<\/div>\n<\/div>\n<\/div>\n","protected":false},"excerpt":{"rendered":"<p>Ruhe, Klarheit, Eleganz: Unis und Feinstrukturen wirken pur und zeitlos. Ihre feine Textur und harmonische Farbigkeit verleihen jeder Markise eine edle, moderne Note. Unsere Gestellfarben und Einfassb\u00e4nder Pr\u00e9contraint 302: leicht, stabil, wetterfest Pr\u00e9contraint 302 sch\u00fctzt zuverl\u00e4ssig vor Wetter und Sonne. Das Gewebe ist wasserabweisend, blickdicht und trotzdem leicht. Es bleibt formstabil und rei\u00dffest, hat eine [&hellip;]<\/p>\n","protected":false},"featured_media":5918,"menu_order":0,"template":"","meta":{"_locale":"nl_NL","_original_post":"https:\/\/www.lewens.de\/?post_type=fabric&p=5917","_thumbnails":[],"footnotes":"","_hide_thumbnail":false},"fabric_pattern":[118],"fabric_patter_repetition":[],"fabric_transparency":[491],"fabric_color":[443],"fabric_material":[47],"fabric_uv_protection":[],"fabric_width":[492],"fabric_type":[],"fabric_binding":[],"class_list":["post-11523","fabric","type-fabric","status-publish","has-post-thumbnail","hentry","fabric_pattern-uni-fijne-structuur","fabric_color-hennep","fabric_material-precontraint-302-waterafstotend","fabric_width-180-cm-709","nl-NL","teaser-view"],"aioseo_notices":[],"_links":{"self":[{"href":"https:\/\/www.lewens.de\/wp-json\/wp\/v2\/fabric\/11523","targetHints":{"allow":["GET"]}}],"collection":[{"href":"https:\/\/www.lewens.de\/wp-json\/wp\/v2\/fabric"}],"about":[{"href":"https:\/\/www.lewens.de\/wp-json\/wp\/v2\/types\/fabric"}],"version-history":[{"count":1,"href":"https:\/\/www.lewens.de\/wp-json\/wp\/v2\/fabric\/11523\/revisions"}],"predecessor-version":[{"id":11524,"href":"https:\/\/www.lewens.de\/wp-json\/wp\/v2\/fabric\/11523\/revisions\/11524"}],"wp:featuredmedia":[{"embeddable":true,"href":"https:\/\/www.lewens.de\/wp-json\/wp\/v2\/media\/5918"}],"wp:attachment":[{"href":"https:\/\/www.lewens.de\/wp-json\/wp\/v2\/media?parent=11523"}],"wp:term":[{"taxonomy":"fabric_pattern","embeddable":true,"href":"https:\/\/www.lewens.de\/wp-json\/wp\/v2\/fabric_pattern?post=11523"},{"taxonomy":"fabric_patter_repetition","embeddable":true,"href":"https:\/\/www.lewens.de\/wp-json\/wp\/v2\/fabric_patter_repetition?post=11523"},{"taxonomy":"fabric_transparency","embeddable":true,"href":"https:\/\/www.lewens.de\/wp-json\/wp\/v2\/fabric_transparency?post=11523"},{"taxonomy":"fabric_color","embeddable":true,"href":"https:\/\/www.lewens.de\/wp-json\/wp\/v2\/fabric_color?post=11523"},{"taxonomy":"fabric_material","embeddable":true,"href":"https:\/\/www.lewens.de\/wp-json\/wp\/v2\/fabric_material?post=11523"},{"taxonomy":"fabric_uv_protection","embeddable":true,"href":"https:\/\/www.lewens.de\/wp-json\/wp\/v2\/fabric_uv_protection?post=11523"},{"taxonomy":"fabric_width","embeddable":true,"href":"https:\/\/www.lewens.de\/wp-json\/wp\/v2\/fabric_width?post=11523"},{"taxonomy":"fabric_type","embeddable":true,"href":"https:\/\/www.lewens.de\/wp-json\/wp\/v2\/fabric_type?post=11523"},{"taxonomy":"fabric_binding","embeddable":true,"href":"https:\/\/www.lewens.de\/wp-json\/wp\/v2\/fabric_binding?post=11523"}],"curies":[{"name":"wp","href":"https:\/\/api.w.org\/{rel}","templated":true}]}}