{"id":13205,"date":"2026-04-18T17:40:49","date_gmt":"2026-04-18T17:40:49","guid":{"rendered":"https:\/\/www.lewens.de\/?post_type=frame&#038;p=13205"},"modified":"2026-04-21T09:23:11","modified_gmt":"2026-04-21T09:23:11","slug":"murano-modulare","status":"publish","type":"frame","link":"https:\/\/www.lewens.de\/pl\/produkty\/murano-modulare\/","title":{"rendered":"Murano Modulare"},"content":{"rendered":"\n<div class=\"wp-block-group alignfull intro has-yellow-background-color has-background is-layout-constrained wp-block-group-is-layout-constrained\">\n<div class=\"wp-block-group is-layout-grid wp-container-core-group-is-layout-da7a6a80 wp-block-group-is-layout-grid\">\n<p class=\"h3 has-black-color has-text-color has-link-color wp-elements-5add957da50262f9558e18b5071e1f87\"><br>Czy Twoja przestrze\u0144 zewn\u0119trzna jest naprawd\u0119 wyj\u0105tkowa? Twoje zadaszenie powinno by\u0107 takie samo. Murano Modulare radzi sobie nawet z trudnymi warunkami budowlanymi \u2013 nieregularnymi \u015bcianami i k\u0105tami \u2013 zapewniaj\u0105c idealne rozwi\u0105zanie tam, gdzie standardowe opcje nie wystarczaj\u0105.<\/p>\n\n\n\n<figure class=\"wp-block-image size-full\"><img loading=\"lazy\" decoding=\"async\" width=\"560\" height=\"509\" src=\"https:\/\/www.lewens.de\/wp-content\/uploads\/2026\/04\/Lewens_Murano_Modulare_Square.webp\" alt=\"\" class=\"wp-image-12907\" style=\"object-fit:cover\"\/><\/figure>\n\n\n\n<figure class=\"wp-block-image size-full\"><img loading=\"lazy\" decoding=\"async\" width=\"928\" height=\"928\" src=\"https:\/\/www.lewens.de\/wp-content\/uploads\/2026\/04\/Lewens_Economy_Portrait.webp\" alt=\"\" class=\"wp-image-12880\" style=\"object-fit:cover\"\/><\/figure>\n\n\n\n<figure class=\"wp-block-image size-full\"><img loading=\"lazy\" decoding=\"async\" width=\"366\" height=\"184\" src=\"https:\/\/www.lewens.de\/wp-content\/uploads\/2025\/01\/Subtract.png\" alt=\"\" class=\"wp-image-577\" style=\"object-fit:cover\"\/><\/figure>\n<\/div>\n<\/div>\n\n\n\n<div class=\"wp-block-group alignfull is-layout-constrained wp-block-group-is-layout-constrained\">\n<h2 class=\"wp-block-heading screen-reader-text\">Opis produktu<\/h2>\n\n\n\n<div class=\"wp-block-columns is-layout-flex wp-container-core-columns-is-layout-9d6595d7 wp-block-columns-is-layout-flex\">\n<div class=\"wp-block-column is-layout-flow wp-block-column-is-layout-flow\">\n<div class=\"wp-block-acv-slider swiper frame-images\" data-swiper=\"{&quot;navigation&quot;:true,&quot;pagination&quot;:&quot;scrollbar&quot;,&quot;slidesPerView&quot;:&quot;3&quot;,&quot;spaceBetween&quot;:&quot;16&quot;,&quot;className&quot;:&quot;frame-images&quot;,&quot;slidesPerGroup&quot;:&quot;auto&quot;}\"><div class=\"swiper-wrapper\">\n<div class=\"wp-block-acv-slide swiper-slide\">\n<figure class=\"wp-block-image size-full\"><img loading=\"lazy\" decoding=\"async\" width=\"1500\" height=\"844\" src=\"https:\/\/www.lewens.de\/wp-content\/uploads\/2026\/04\/Lewens_Modulare_FULL_2post-1.png\" alt=\"\" class=\"wp-image-12929\"\/><\/figure>\n<\/div>\n\n\n\n<div class=\"wp-block-acv-slide swiper-slide\">\n<figure class=\"wp-block-image size-full\"><img loading=\"lazy\" decoding=\"async\" width=\"1500\" height=\"1500\" src=\"https:\/\/www.lewens.de\/wp-content\/uploads\/2026\/04\/Modulare_Wandversprung.webp\" alt=\"\" class=\"wp-image-12894\"\/><\/figure>\n<\/div>\n\n\n\n<div class=\"wp-block-acv-slide swiper-slide\">\n<figure class=\"wp-block-image size-full\"><img loading=\"lazy\" decoding=\"async\" width=\"1500\" height=\"1500\" src=\"https:\/\/www.lewens.de\/wp-content\/uploads\/2026\/04\/Lewens_Modulare_Detail.webp\" alt=\"\" class=\"wp-image-12892\"\/><\/figure>\n<\/div>\n\n\n\n<div class=\"wp-block-acv-slide swiper-slide\">\n<figure class=\"wp-block-image size-full\"><img loading=\"lazy\" decoding=\"async\" width=\"1500\" height=\"1500\" src=\"https:\/\/www.lewens.de\/wp-content\/uploads\/2026\/04\/Lewens_Modulare_Ablauf.webp\" alt=\"\" class=\"wp-image-12893\"\/><\/figure>\n<\/div>\n<\/div><div class=\"swiper-ui\"><div class=\"swiper-scrollbar\"><\/div><div class=\"swiper-button-prev\"><\/div><div class=\"swiper-button-next\"><\/div><\/div><\/div>\n<\/div>\n\n\n\n<div class=\"wp-block-column is-layout-flow wp-block-column-is-layout-flow\" id=\"przeglad-produktow\" aria-label=\"Przegl\u0105d-produkt\u00f3w\">\n<div class=\"wp-block-group product-overview is-layout-constrained wp-block-group-is-layout-constrained\">\n<p class=\"has-tiny-font-size\" style=\"text-transform:uppercase\">Opis produktu<\/p>\n\n\n<h2 class=\"wp-block-post-title\">Murano Modulare<\/h2>\n\n<div class=\"product-info frame-info\">\n\t\t\t<div class=\"spec-item product-types\">\n\t\t\t<span class=\"spec-label\">\n                typy            <\/span>\n\t\t\t<ul class=\"spec-value\"><li>\n\t\t\t\t<img loading=\"lazy\" decoding=\"async\" width=\"196\" height=\"196\" src=\"https:\/\/www.lewens.de\/wp-content\/uploads\/2026\/04\/Lewens_Murano_Modulare_Typ_Buendig-1.webp\" class=\"attachment-full size-full ratio-square ratio-portrait\" alt=\"Lewens_Murano_Modulare_Typ_Bu\u0308ndig\" \/>W jednej linii\t\t\t<\/li><\/ul>\n\t\t<\/div>\n\t\t\t\t<div class=\"spec-item product-widths\">\n\t\t\t<span class=\"spec-label\">\n                Szeroko\u015b\u0107            <\/span>\n\t\t\t<ul class=\"spec-value\"><li>\n\t\t\t\tmax. 700 cm\t\t\t<\/li><\/ul>\n\t\t<\/div>\n\t\n\t\t\t<div class=\"spec-item product-depths\">\n\t\t\t<span class=\"spec-label\">\n                D\u0142ugo\u015b\u0107\/wysi\u0119g            <\/span>\n\t\t\t<ul class=\"spec-value\"><li>\n                max. 400 cm\t\t\t<\/li><\/ul>\n\t\t<\/div>\n\t\n\t\n\t\n\t\n\t\n\t\t\t<div class=\"spec-item product-glazings\">\n\t\t\t<span class=\"spec-label\">\n                Szklenie            <\/span>\n\t\t\t<ul class=\"spec-value\"><li>\n\t\t\t\tP\u0142yty dwukomorowe 16 mm<\/li><li>P\u0142yty dwukomorowe 20 mm<\/li><li>P\u0142yty dwukomorowe 22 mm<\/li><li>P\u0142yty dwukomorowe 24 mm<\/li><li>Szk\u0142o laminowane bezpieczne 10 mm<\/li><li>Szk\u0142o laminowane bezpieczne 12 mm\t\t\t<\/li><\/ul>\n\t\t<\/div>\n\t\t\n\t\t\n\t\t\t<div class=\"spec-item product-certificates\">\n\t\t\t<span class=\"spec-label sr-only\">\n                Certyfikaty            <\/span>\n\t\t\t<ul class=\"spec-value\"><li>\n\t\t\t\t<img loading=\"lazy\" decoding=\"async\" width=\"96\" height=\"29\" src=\"https:\/\/www.lewens.de\/wp-content\/uploads\/2025\/02\/SE_Siegel.svg\" class=\"attachment-full size-full ratio-portrait\" alt=\"SE_Siegel\" \/><\/li><li><img loading=\"lazy\" decoding=\"async\" width=\"354\" height=\"354\" src=\"https:\/\/www.lewens.de\/wp-content\/uploads\/2026\/01\/TUEV.webp\" class=\"attachment-full size-full ratio-square ratio-portrait\" alt=\"TUEV\" \/><\/li><li><img loading=\"lazy\" decoding=\"async\" width=\"363\" height=\"157\" src=\"https:\/\/www.lewens.de\/wp-content\/uploads\/2025\/08\/LEW_made_in_germany_2025.png\" class=\"attachment-full size-full ratio-landscape\" alt=\"LEW_made_in_germany_2025\" \/>\t\t\t<\/li><\/ul>\n\t\t<\/div>\n\t\n<\/div>\n<\/div>\n<\/div>\n<\/div>\n<\/div>\n\n\n\n<div class=\"wp-block-group alignfull is-layout-constrained wp-block-group-is-layout-constrained\">\n<div class=\"wp-block-acv-slider swiper\" data-swiper=\"{&quot;navigation&quot;:true,&quot;pagination&quot;:&quot;scrollbar&quot;,&quot;slidesPerGroup&quot;:&quot;auto&quot;}\"><div class=\"swiper-wrapper\">\n<div class=\"wp-block-acv-slide swiper-slide\">\n<figure class=\"wp-block-image size-full\"><img loading=\"lazy\" decoding=\"async\" width=\"1136\" height=\"668\" src=\"https:\/\/www.lewens.de\/wp-content\/uploads\/2026\/04\/Lewens_Murano_Modulare_Slider.webp\" alt=\"\" class=\"wp-image-12905\"\/><\/figure>\n<\/div>\n\n\n\n<div class=\"wp-block-acv-slide swiper-slide\">\n<figure class=\"wp-block-image size-full\"><img loading=\"lazy\" decoding=\"async\" width=\"1136\" height=\"668\" src=\"https:\/\/www.lewens.de\/wp-content\/uploads\/2026\/04\/Lewens_Murano_Modulare_Slider-1.webp\" alt=\"\" class=\"wp-image-12906\"\/><\/figure>\n<\/div>\n<\/div><div class=\"swiper-ui\"><div class=\"swiper-scrollbar\"><\/div><div class=\"swiper-button-prev\"><\/div><div class=\"swiper-button-next\"><\/div><\/div><\/div>\n<\/div>\n\n\n\n<div class=\"wp-block-group alignfull is-layout-constrained wp-block-group-is-layout-constrained\" id=\"kolory-ram\" aria-label=\"Kolory-ram\">\n<h2 class=\"wp-block-heading has-text-align-center\">Standardowe kolory konstrukcji<\/h2>\n\n\n\n<div class=\"swiper taxonomy-terms swiper-overflow-visible\"\n     data-swiper=\"{&quot;navigation&quot;:true,&quot;pagination&quot;:&quot;scrollbar&quot;,&quot;slidesPerView&quot;:&quot;auto&quot;,&quot;mousewheel&quot;:true}\">\n     \n    <div class=\"swiper-wrapper\">\n        \n<figure class=\"term-item taxonomy-frame_color swiper-slide\"\n\t>\n\t<span class=\"term--image\"><img loading=\"lazy\" decoding=\"async\" width=\"320\" height=\"320\" src=\"https:\/\/www.lewens.de\/wp-content\/uploads\/2026\/01\/Lewens_Gestellfarbe_RAL9016.webp\" class=\"attachment-full size-full ratio-square ratio-portrait\" alt=\"Lewens_Gestellfarbe_RAL9016\" \/><img loading=\"lazy\" decoding=\"async\" width=\"544\" height=\"420\" src=\"https:\/\/www.lewens.de\/wp-content\/uploads\/2025\/03\/Lewens_Gestellfarbe_RAL-9016.webp\" class=\"attachment-full size-full ratio-landscape\" alt=\"Lewens_Gestellfarbe_RAL-9016\" \/><\/span>\n\n\t<figcaption>\n        \n\t\t<span class=\"term--title\">\n\t\t\tBiel komunikacyjna\t\t<\/span>\n\n        <span class=\"term--description\"><p>Jedwabi\u015bcie g\u0142adka<\/p>\n<\/span>\n\n        <span class=\"term--color\">RAL 9016<\/span>\t<\/figcaption>\n<\/figure>\n<figure class=\"term-item taxonomy-frame_color swiper-slide\"\n\t>\n\t<span class=\"term--image\"><img loading=\"lazy\" decoding=\"async\" width=\"250\" height=\"250\" src=\"https:\/\/www.lewens.de\/wp-content\/uploads\/2025\/01\/RAL9010.png\" class=\"attachment-full size-full ratio-square ratio-portrait\" alt=\"RAL9010\" \/><img loading=\"lazy\" decoding=\"async\" width=\"544\" height=\"420\" src=\"https:\/\/www.lewens.de\/wp-content\/uploads\/2025\/03\/Lewens_Gestellfarbe_RAL-9010.webp\" class=\"attachment-full size-full ratio-landscape\" alt=\"Lewens_Gestellfarbe_RAL-9010\" \/><\/span>\n\n\t<figcaption>\n        \n\t\t<span class=\"term--title\">\n\t\t\tBiel czysta\t\t<\/span>\n\n        <span class=\"term--description\"><p>Jedwabi\u015bcie g\u0142adka<\/p>\n<\/span>\n\n        <span class=\"term--color\">RAL 9010<\/span>\t<\/figcaption>\n<\/figure>\n<figure class=\"term-item taxonomy-frame_color swiper-slide\"\n\t>\n\t<span class=\"term--image\"><img loading=\"lazy\" decoding=\"async\" width=\"250\" height=\"250\" src=\"https:\/\/www.lewens.de\/wp-content\/uploads\/2025\/01\/RAL9001.png\" class=\"attachment-full size-full ratio-square ratio-portrait\" alt=\"RAL9001\" \/><img loading=\"lazy\" decoding=\"async\" width=\"544\" height=\"420\" src=\"https:\/\/www.lewens.de\/wp-content\/uploads\/2025\/03\/Lewens_Gestellfarbe_RAL-9001.webp\" class=\"attachment-full size-full ratio-landscape\" alt=\"Lewens_Gestellfarbe_RAL-9001\" \/><\/span>\n\n\t<figcaption>\n        \n\t\t<span class=\"term--title\">\n\t\t\tBiel kremowa\t\t<\/span>\n\n        <span class=\"term--description\"><p>Jedwabi\u015bcie g\u0142adka<\/p>\n<\/span>\n\n        <span class=\"term--color\">RAL 9001<\/span>\t<\/figcaption>\n<\/figure>\n<figure class=\"term-item taxonomy-frame_color swiper-slide\"\n\t>\n\t<span class=\"term--image\"><img loading=\"lazy\" decoding=\"async\" width=\"250\" height=\"250\" src=\"https:\/\/www.lewens.de\/wp-content\/uploads\/2025\/01\/RAL1015.png\" class=\"attachment-full size-full ratio-square ratio-portrait\" alt=\"RAL1015\" \/><img loading=\"lazy\" decoding=\"async\" width=\"544\" height=\"420\" src=\"https:\/\/www.lewens.de\/wp-content\/uploads\/2025\/03\/Lewens_Gestellfarbe_RAL-1015.webp\" class=\"attachment-full size-full ratio-landscape\" alt=\"Lewens_Gestellfarbe_RAL-1015\" \/><\/span>\n\n\t<figcaption>\n        \n\t\t<span class=\"term--title\">\n\t\t\tJasna ko\u015b\u0107 s\u0142oniowa\t\t<\/span>\n\n        <span class=\"term--description\"><p>Jedwabi\u015bcie g\u0142adka<\/p>\n<\/span>\n\n        <span class=\"term--color\">RAL 1015<\/span>\t<\/figcaption>\n<\/figure>\n<figure class=\"term-item taxonomy-frame_color swiper-slide\"\n\t>\n\t<span class=\"term--image\"><img loading=\"lazy\" decoding=\"async\" width=\"320\" height=\"320\" src=\"https:\/\/www.lewens.de\/wp-content\/uploads\/2026\/01\/Lewens_Gestellfarbe_RAL9006.webp\" class=\"attachment-full size-full ratio-square ratio-portrait\" alt=\"Lewens_Gestellfarbe_RAL9006\" \/><img loading=\"lazy\" decoding=\"async\" width=\"544\" height=\"420\" src=\"https:\/\/www.lewens.de\/wp-content\/uploads\/2025\/03\/Lewens_Gestellfarbe_RAL-9006.webp\" class=\"attachment-full size-full ratio-landscape\" alt=\"Lewens_Gestellfarbe_RAL-9006\" \/><\/span>\n\n\t<figcaption>\n        \n\t\t<span class=\"term--title\">\n\t\t\tBia\u0142e aluminium\t\t<\/span>\n\n        <span class=\"term--description\"><p>Metaliczny g\u0142adki \/ matowy<\/p>\n<\/span>\n\n        <span class=\"term--color\">RAL 9006<\/span>\t<\/figcaption>\n<\/figure>\n<figure class=\"term-item taxonomy-frame_color swiper-slide\"\n\t>\n\t<span class=\"term--image\"><img loading=\"lazy\" decoding=\"async\" width=\"320\" height=\"320\" src=\"https:\/\/www.lewens.de\/wp-content\/uploads\/2026\/01\/Lewens_Gestellfarbe_RAL7024.webp\" class=\"attachment-full size-full ratio-square ratio-portrait\" alt=\"Lewens_Gestellfarbe_RAL7024\" \/><img loading=\"lazy\" decoding=\"async\" width=\"544\" height=\"420\" src=\"https:\/\/www.lewens.de\/wp-content\/uploads\/2025\/03\/Lewens_Gestellfarbe_RAl-7024.webp\" class=\"attachment-full size-full ratio-landscape\" alt=\"Lewens_Gestellfarbe_RAl-7024\" \/><\/span>\n\n\t<figcaption>\n        \n\t\t<span class=\"term--title\">\n\t\t\tSzary grafitowy\t\t<\/span>\n\n        <span class=\"term--description\"><p>Jedwabi\u015bcie g\u0142adka<\/p>\n<\/span>\n\n        <span class=\"term--color\">RAL 7024<\/span>\t<\/figcaption>\n<\/figure>\n<figure class=\"term-item taxonomy-frame_color swiper-slide\"\n\t>\n\t<span class=\"term--image\"><img loading=\"lazy\" decoding=\"async\" width=\"320\" height=\"320\" src=\"https:\/\/www.lewens.de\/wp-content\/uploads\/2026\/01\/Lewens_Gestellfarbe_RAL7016.webp\" class=\"attachment-full size-full ratio-square ratio-portrait\" alt=\"Lewens_Gestellfarbe_RAL7016\" \/><img loading=\"lazy\" decoding=\"async\" width=\"544\" height=\"420\" src=\"https:\/\/www.lewens.de\/wp-content\/uploads\/2025\/03\/Lewens_Gestellfarbe_RAL-7016.webp\" class=\"attachment-full size-full ratio-landscape\" alt=\"Lewens_Gestellfarbe_RAL-7016\" \/><\/span>\n\n\t<figcaption>\n        \n\t\t<span class=\"term--title\">\n\t\t\tSzary antracytowy\t\t<\/span>\n\n        <span class=\"term--description\"><p>Jedwabi\u015bcie g\u0142adka<\/p>\n<\/span>\n\n        <span class=\"term--color\">RAL 7016<\/span>\t<\/figcaption>\n<\/figure>\n<figure class=\"term-item taxonomy-frame_color swiper-slide\"\n\t>\n\t<span class=\"term--image\"><img loading=\"lazy\" decoding=\"async\" width=\"320\" height=\"320\" src=\"https:\/\/www.lewens.de\/wp-content\/uploads\/2026\/01\/Lewens_Gestellfarbe_RAL8077.webp\" class=\"attachment-full size-full ratio-square ratio-portrait\" alt=\"Lewens_Gestellfarbe_RAL8077\" \/><img loading=\"lazy\" decoding=\"async\" width=\"544\" height=\"420\" src=\"https:\/\/www.lewens.de\/wp-content\/uploads\/2025\/03\/Lewens_Gestellfarbe_RAL-8077.webp\" class=\"attachment-full size-full ratio-landscape\" alt=\"Lewens_Gestellfarbe_RAL-8077\" \/><\/span>\n\n\t<figcaption>\n        \n\t\t<span class=\"term--title\">\n\t\t\tBr\u0105zowy ciemny\t\t<\/span>\n\n        <span class=\"term--description\"><p>Jedwabi\u015bcie g\u0142adka<\/p>\n<\/span>\n\n        <span class=\"term--color\">RAL 8077<\/span>\t<\/figcaption>\n<\/figure>\n<figure class=\"term-item taxonomy-frame_color swiper-slide\"\n\t>\n\t<span class=\"term--image\"><img loading=\"lazy\" decoding=\"async\" width=\"320\" height=\"320\" src=\"https:\/\/www.lewens.de\/wp-content\/uploads\/2026\/01\/Lewens_Gestellfarbe_RAL8019.webp\" class=\"attachment-full size-full ratio-square ratio-portrait\" alt=\"Lewens_Gestellfarbe_RAL8019\" \/><img loading=\"lazy\" decoding=\"async\" width=\"544\" height=\"420\" src=\"https:\/\/www.lewens.de\/wp-content\/uploads\/2025\/03\/Lewens_Gestellfarbe_RAL-8019-1.webp\" class=\"attachment-full size-full ratio-landscape\" alt=\"Lewens_Gestellfarbe_RAL-8019\" \/><\/span>\n\n\t<figcaption>\n        \n\t\t<span class=\"term--title\">\n\t\t\tSzaro br\u0105zowy\t\t<\/span>\n\n        <span class=\"term--description\"><p>Jedwabi\u015bcie g\u0142adka<\/p>\n<\/span>\n\n        <span class=\"term--color\">RAL 8019<\/span>\t<\/figcaption>\n<\/figure>\n<figure class=\"term-item taxonomy-frame_color swiper-slide\"\n\t>\n\t<span class=\"term--image\"><img loading=\"lazy\" decoding=\"async\" width=\"320\" height=\"320\" src=\"https:\/\/www.lewens.de\/wp-content\/uploads\/2026\/01\/Lewens_Gestellfarbe_RAL6005-1.webp\" class=\"attachment-full size-full ratio-square ratio-portrait\" alt=\"Lewens_Gestellfarbe_RAL6005 (1)\" \/><img loading=\"lazy\" decoding=\"async\" width=\"544\" height=\"420\" src=\"https:\/\/www.lewens.de\/wp-content\/uploads\/2025\/03\/Lewens_Gestellfarbe_RAL-6005.webp\" class=\"attachment-full size-full ratio-landscape\" alt=\"Lewens_Gestellfarbe_RAL-6005\" \/><\/span>\n\n\t<figcaption>\n        \n\t\t<span class=\"term--title\">\n\t\t\tZielony mchowy\t\t<\/span>\n\n        <span class=\"term--description\"><p>Jedwabi\u015bcie g\u0142adka<\/p>\n<\/span>\n\n        <span class=\"term--color\">RAL 6005<\/span>\t<\/figcaption>\n<\/figure>\n<figure class=\"term-item taxonomy-frame_color swiper-slide\"\n\t>\n\t<span class=\"term--image\"><img loading=\"lazy\" decoding=\"async\" width=\"320\" height=\"320\" src=\"https:\/\/www.lewens.de\/wp-content\/uploads\/2026\/01\/Lewens_Gestellfarbe_RAL9007-1.webp\" class=\"attachment-full size-full ratio-square ratio-portrait\" alt=\"Lewens_Gestellfarbe_RAL9007\" \/><img loading=\"lazy\" decoding=\"async\" width=\"544\" height=\"420\" src=\"https:\/\/www.lewens.de\/wp-content\/uploads\/2025\/03\/Lewens_Gestellfarbe_RAL-9007.webp\" class=\"attachment-full size-full ratio-landscape\" alt=\"Lewens_Gestellfarbe_RAL-9007\" \/><\/span>\n\n\t<figcaption>\n        \n\t\t<span class=\"term--title\">\n\t\t\tSzare aluminium\t\t<\/span>\n\n        <span class=\"term--description\"><p>Metaliczny g\u0142adki \/ matowy<\/p>\n<\/span>\n\n        <span class=\"term--color\">RAL 9007<\/span>\t<\/figcaption>\n<\/figure>\n<figure class=\"term-item taxonomy-frame_color swiper-slide\"\n\t>\n\t<span class=\"term--image\"><img loading=\"lazy\" decoding=\"async\" width=\"250\" height=\"250\" src=\"https:\/\/www.lewens.de\/wp-content\/uploads\/2025\/01\/RAL7039.png\" class=\"attachment-full size-full ratio-square ratio-portrait\" alt=\"RAL7039\" \/><img loading=\"lazy\" decoding=\"async\" width=\"544\" height=\"420\" src=\"https:\/\/www.lewens.de\/wp-content\/uploads\/2025\/03\/Lewens_Gestellfarbe_RAL-7039.webp\" class=\"attachment-full size-full ratio-landscape\" alt=\"Lewens_Gestellfarbe_RAL-7039\" \/><\/span>\n\n\t<figcaption>\n        \n\t\t<span class=\"term--title\">\n\t\t\tSzary kwarcowy\t\t<\/span>\n\n        <span class=\"term--description\"><p>Metaliczny g\u0142adki \/ matowy<\/p>\n<\/span>\n\n        <span class=\"term--color\">RAL 7039<\/span>\t<\/figcaption>\n<\/figure>\n<figure class=\"term-item taxonomy-frame_color swiper-slide\"\n\t>\n\t<span class=\"term--image\"><img loading=\"lazy\" decoding=\"async\" width=\"250\" height=\"250\" src=\"https:\/\/www.lewens.de\/wp-content\/uploads\/2025\/01\/3605.png\" class=\"attachment-full size-full ratio-square ratio-portrait\" alt=\"3605\" \/><img loading=\"lazy\" decoding=\"async\" width=\"544\" height=\"420\" src=\"https:\/\/www.lewens.de\/wp-content\/uploads\/2025\/03\/Lewens_Gestellfarbe_3605.webp\" class=\"attachment-full size-full ratio-landscape\" alt=\"Lewens_Gestellfarbe_3605\" \/><\/span>\n\n\t<figcaption>\n        \n\t\t<span class=\"term--title\">\n\t\t\tMarrone\t\t<\/span>\n\n        <span class=\"term--description\"><p>Metaliczny g\u0142adki \/ matowy<\/p>\n<\/span>\n\n        \t<\/figcaption>\n<\/figure>\n<figure class=\"term-item taxonomy-frame_color swiper-slide\"\n\t>\n\t<span class=\"term--image\"><img loading=\"lazy\" decoding=\"async\" width=\"320\" height=\"320\" src=\"https:\/\/www.lewens.de\/wp-content\/uploads\/2025\/01\/LSS_Sample_SL85.webp\" class=\"attachment-full size-full ratio-square ratio-portrait\" alt=\"LSS_Sample_SL85\" \/><img loading=\"lazy\" decoding=\"async\" width=\"544\" height=\"420\" src=\"https:\/\/www.lewens.de\/wp-content\/uploads\/2025\/03\/Lewens_Gestellfarbe_SL-85.webp\" class=\"attachment-full size-full ratio-landscape\" alt=\"Lewens_Gestellfarbe_SL-85\" \/><\/span>\n\n\t<figcaption>\n        \n\t\t<span class=\"term--title\">\n\t\t\tBianco\t\t<\/span>\n\n        <span class=\"term--description\"><p>lakier strukturalny<br \/>\nDrobna struktura matowa<\/p>\n<\/span>\n\n        <span class=\"term--color\">SL 85<\/span>\t<\/figcaption>\n<\/figure>\n<figure class=\"term-item taxonomy-frame_color swiper-slide\"\n\t>\n\t<span class=\"term--image\"><img loading=\"lazy\" decoding=\"async\" width=\"320\" height=\"320\" src=\"https:\/\/www.lewens.de\/wp-content\/uploads\/2025\/01\/LSS_Sample_SL93.webp\" class=\"attachment-full size-full ratio-square ratio-portrait\" alt=\"LSS_Sample_SL93\" \/><img loading=\"lazy\" decoding=\"async\" width=\"544\" height=\"420\" src=\"https:\/\/www.lewens.de\/wp-content\/uploads\/2025\/03\/Lewens_Gestellfarbe_SL-93-1.webp\" class=\"attachment-full size-full ratio-landscape\" alt=\"Lewens_Gestellfarbe_SL-93\" \/><\/span>\n\n\t<figcaption>\n        \n\t\t<span class=\"term--title\">\n\t\t\tSzary marmur\t\t<\/span>\n\n        <span class=\"term--description\"><p>lakier strukturalny<br \/>\nDrobna struktura matowa<\/p>\n<\/span>\n\n        <span class=\"term--color\">SL 93<\/span>\t<\/figcaption>\n<\/figure>\n<figure class=\"term-item taxonomy-frame_color swiper-slide\"\n\t>\n\t<span class=\"term--image\"><img loading=\"lazy\" decoding=\"async\" width=\"320\" height=\"320\" src=\"https:\/\/www.lewens.de\/wp-content\/uploads\/2025\/01\/LSS_Sample_SL89.webp\" class=\"attachment-full size-full ratio-square ratio-portrait\" alt=\"LSS_Sample_SL89\" \/><img loading=\"lazy\" decoding=\"async\" width=\"544\" height=\"420\" src=\"https:\/\/www.lewens.de\/wp-content\/uploads\/2025\/03\/Lewens_Gestellfarbe_SL-89.webp\" class=\"attachment-full size-full ratio-landscape\" alt=\"Lewens_Gestellfarbe_SL-89\" \/><\/span>\n\n\t<figcaption>\n        \n\t\t<span class=\"term--title\">\n\t\t\tRAL 9005 \u2013 Czer\u0144 g\u0142\u0119boka\t\t<\/span>\n\n        <span class=\"term--description\"><p>lakier strukturalny<br \/>\nDrobna struktura matowa<\/p>\n<\/span>\n\n        <span class=\"term--color\">SL 89<\/span>\t<\/figcaption>\n<\/figure>\n<figure class=\"term-item taxonomy-frame_color swiper-slide\"\n\t>\n\t<span class=\"term--image\"><img loading=\"lazy\" decoding=\"async\" width=\"320\" height=\"320\" src=\"https:\/\/www.lewens.de\/wp-content\/uploads\/2025\/01\/LSS_Sample_SL88.webp\" class=\"attachment-full size-full ratio-square ratio-portrait\" alt=\"LSS_Sample_SL88\" \/><img loading=\"lazy\" decoding=\"async\" width=\"544\" height=\"420\" src=\"https:\/\/www.lewens.de\/wp-content\/uploads\/2025\/03\/Lewens_Gestellfarbe_SL-88.webp\" class=\"attachment-full size-full ratio-landscape\" alt=\"Lewens_Gestellfarbe_SL-88\" \/><\/span>\n\n\t<figcaption>\n        \n\t\t<span class=\"term--title\">\n\t\t\tRAL 7016 \u2013 Szary antracytowy\t\t<\/span>\n\n        <span class=\"term--description\"><p>lakier strukturalny<br \/>\nDrobna struktura matowa<\/p>\n<\/span>\n\n        <span class=\"term--color\">SL 88<\/span>\t<\/figcaption>\n<\/figure>\n<figure class=\"term-item taxonomy-frame_color swiper-slide\"\n\t>\n\t<span class=\"term--image\"><img loading=\"lazy\" decoding=\"async\" width=\"320\" height=\"320\" src=\"https:\/\/www.lewens.de\/wp-content\/uploads\/2025\/01\/LSS_Sample_SL87.webp\" class=\"attachment-full size-full ratio-square ratio-portrait\" alt=\"LSS_Sample_SL87\" \/><img loading=\"lazy\" decoding=\"async\" width=\"544\" height=\"420\" src=\"https:\/\/www.lewens.de\/wp-content\/uploads\/2025\/03\/Lewens_Gestellfarbe_SL-87.webp\" class=\"attachment-full size-full ratio-landscape\" alt=\"Lewens_Gestellfarbe_SL-87\" \/><\/span>\n\n\t<figcaption>\n        \n\t\t<span class=\"term--title\">\n\t\t\tAzzurro\t\t<\/span>\n\n        <span class=\"term--description\"><p>lakier strukturalny<br \/>\nMetaliczny g\u0142adki, matowy<\/p>\n<\/span>\n\n        <span class=\"term--color\">SL 87<\/span>\t<\/figcaption>\n<\/figure>\n<figure class=\"term-item taxonomy-frame_color swiper-slide\"\n\t>\n\t<span class=\"term--image\"><img loading=\"lazy\" decoding=\"async\" width=\"320\" height=\"320\" src=\"https:\/\/www.lewens.de\/wp-content\/uploads\/2026\/01\/Lewens_Gestellfarbe_RAL9006.webp\" class=\"attachment-full size-full ratio-square ratio-portrait\" alt=\"Lewens_Gestellfarbe_RAL9006\" \/><img loading=\"lazy\" decoding=\"async\" width=\"544\" height=\"420\" src=\"https:\/\/www.lewens.de\/wp-content\/uploads\/2025\/03\/Lewens_Gestellfarbe_SL-86.webp\" class=\"attachment-full size-full ratio-landscape\" alt=\"Lewens_Gestellfarbe_SL-86\" \/><\/span>\n\n\t<figcaption>\n        \n\t\t<span class=\"term--title\">\n\t\t\tRAL 9006 \u2013 Bia\u0142e aluminium\t\t<\/span>\n\n        <span class=\"term--description\"><p>lakier strukturalny<br \/>\nDrobna struktura matowa<\/p>\n<\/span>\n\n        <span class=\"term--color\">SL 86<\/span>\t<\/figcaption>\n<\/figure>\n<figure class=\"term-item taxonomy-frame_color swiper-slide\"\n\t>\n\t<span class=\"term--image\"><img loading=\"lazy\" decoding=\"async\" width=\"320\" height=\"320\" src=\"https:\/\/www.lewens.de\/wp-content\/uploads\/2025\/01\/LSS_Sample_SL90.webp\" class=\"attachment-full size-full ratio-square ratio-portrait\" alt=\"LSS_Sample_SL90\" \/><img loading=\"lazy\" decoding=\"async\" width=\"544\" height=\"420\" src=\"https:\/\/www.lewens.de\/wp-content\/uploads\/2025\/03\/Lewens_Gestellfarbe_SL-90.webp\" class=\"attachment-full size-full ratio-landscape\" alt=\"Lewens_Gestellfarbe_SL-90\" \/><\/span>\n\n\t<figcaption>\n        \n\t\t<span class=\"term--title\">\n\t\t\tRAL 9007 \u2013 Szare aluminium\t\t<\/span>\n\n        <span class=\"term--description\"><p>lakier strukturalny<br \/>\nMetaliczna struktura drobnoziarnista matowa<\/p>\n<\/span>\n\n        <span class=\"term--color\">SL 90<\/span>\t<\/figcaption>\n<\/figure>\n<figure class=\"term-item taxonomy-frame_color swiper-slide\"\n\t>\n\t<span class=\"term--image\"><img loading=\"lazy\" decoding=\"async\" width=\"320\" height=\"320\" src=\"https:\/\/www.lewens.de\/wp-content\/uploads\/2025\/01\/LSS_Sample_SL91.webp\" class=\"attachment-full size-full ratio-square ratio-portrait\" alt=\"LSS_Sample_SL91\" \/><img loading=\"lazy\" decoding=\"async\" width=\"544\" height=\"420\" src=\"https:\/\/www.lewens.de\/wp-content\/uploads\/2025\/03\/Lewens_Gestellfarbe_SL-91.webp\" class=\"attachment-full size-full ratio-landscape\" alt=\"Lewens_Gestellfarbe_SL-91\" \/><\/span>\n\n\t<figcaption>\n        \n\t\t<span class=\"term--title\">\n\t\t\tRAL 7039 \u2013 Szary kwarcowy\t\t<\/span>\n\n        <span class=\"term--description\"><p>lakier strukturalny<br \/>\nMetaliczna struktura drobnoziarnista matowa<\/p>\n<\/span>\n\n        <span class=\"term--color\">SL 91<\/span>\t<\/figcaption>\n<\/figure>\n<figure class=\"term-item taxonomy-frame_color swiper-slide\"\n\t>\n\t<span class=\"term--image\"><img loading=\"lazy\" decoding=\"async\" width=\"320\" height=\"320\" src=\"https:\/\/www.lewens.de\/wp-content\/uploads\/2025\/01\/LSS_Sample_SL92.webp\" class=\"attachment-full size-full ratio-square ratio-portrait\" alt=\"LSS_Sample_SL92\" \/><img loading=\"lazy\" decoding=\"async\" width=\"544\" height=\"420\" src=\"https:\/\/www.lewens.de\/wp-content\/uploads\/2025\/03\/Lewens_Gestellfarbe_SL-92.webp\" class=\"attachment-full size-full ratio-landscape\" alt=\"Lewens_Gestellfarbe_SL-92\" \/><\/span>\n\n\t<figcaption>\n        \n\t\t<span class=\"term--title\">\n\t\t\tTerra Braun\t\t<\/span>\n\n        <span class=\"term--description\"><p>lakier strukturalny<br \/>\nMetaliczna struktura drobnoziarnista matowa<\/p>\n<\/span>\n\n        <span class=\"term--color\">SL 92<\/span>\t<\/figcaption>\n<\/figure>\n<figure class=\"term-item taxonomy-frame_color swiper-slide\"\n\t>\n\t<span class=\"term--image\"><img loading=\"lazy\" decoding=\"async\" width=\"320\" height=\"320\" src=\"https:\/\/www.lewens.de\/wp-content\/uploads\/2025\/01\/LSS_Sample_SL94.webp\" class=\"attachment-full size-full ratio-square ratio-portrait\" alt=\"LSS_Sample_SL94\" \/><img loading=\"lazy\" decoding=\"async\" width=\"544\" height=\"420\" src=\"https:\/\/www.lewens.de\/wp-content\/uploads\/2025\/03\/Lewens_Gestellfarbe_SL-94.webp\" class=\"attachment-full size-full ratio-landscape\" alt=\"Lewens_Gestellfarbe_SL-94\" \/><\/span>\n\n\t<figcaption>\n        \n\t\t<span class=\"term--title\">\n\t\t\tzbli\u017cony do DB 703\t\t<\/span>\n\n        <span class=\"term--description\"><p>lakier strukturalny<br \/>\nMetaliczna struktura drobnoziarnista matowa<\/p>\n<\/span>\n\n        <span class=\"term--color\">SL 94<\/span>\t<\/figcaption>\n<\/figure>\n<figure class=\"term-item taxonomy-frame_color swiper-slide\"\n\t>\n\t<span class=\"term--image\"><img loading=\"lazy\" decoding=\"async\" width=\"320\" height=\"320\" src=\"https:\/\/www.lewens.de\/wp-content\/uploads\/2025\/01\/LSS_Sample_SL95.webp\" class=\"attachment-full size-full ratio-square ratio-portrait\" alt=\"LSS_Sample_SL95\" \/><img loading=\"lazy\" decoding=\"async\" width=\"544\" height=\"420\" src=\"https:\/\/www.lewens.de\/wp-content\/uploads\/2025\/03\/Lewens_Gestellfarbe_SL-95.webp\" class=\"attachment-full size-full ratio-landscape\" alt=\"Lewens_Gestellfarbe_SL-95\" \/><\/span>\n\n\t<figcaption>\n        \n\t\t<span class=\"term--title\">\n\t\t\tRAL 7048 \u2013 Szary mysi per\u0142owy\t\t<\/span>\n\n        <span class=\"term--description\"><p>lakier strukturalny<br \/>\nMetaliczna struktura drobnoziarnista matowa<\/p>\n<\/span>\n\n        <span class=\"term--color\">SL 95<\/span>\t<\/figcaption>\n<\/figure>\n<figure class=\"term-item taxonomy-frame_color swiper-slide\"\n\t>\n\t<span class=\"term--image\"><img loading=\"lazy\" decoding=\"async\" width=\"320\" height=\"320\" src=\"https:\/\/www.lewens.de\/wp-content\/uploads\/2025\/01\/LSS_Sample_SL96.webp\" class=\"attachment-full size-full ratio-square ratio-portrait\" alt=\"LSS_Sample_SL96\" \/><img loading=\"lazy\" decoding=\"async\" width=\"544\" height=\"420\" src=\"https:\/\/www.lewens.de\/wp-content\/uploads\/2025\/03\/Lewens_Gestellfarbe_SL-96.webp\" class=\"attachment-full size-full ratio-landscape\" alt=\"Lewens_Gestellfarbe_SL-96\" \/><\/span>\n\n\t<figcaption>\n        \n\t\t<span class=\"term--title\">\n\t\t\tArgento\t\t<\/span>\n\n        <span class=\"term--description\"><p>lakier strukturalny<br \/>\nMetaliczna struktura drobnoziarnista matowa<\/p>\n<\/span>\n\n        <span class=\"term--color\">SL 96<\/span>\t<\/figcaption>\n<\/figure>\n<figure class=\"term-item taxonomy-frame_color swiper-slide\"\n\t>\n\t<span class=\"term--image\"><img loading=\"lazy\" decoding=\"async\" width=\"320\" height=\"320\" src=\"https:\/\/www.lewens.de\/wp-content\/uploads\/2025\/01\/LSS_Sample_SL98.webp\" class=\"attachment-full size-full ratio-square ratio-portrait\" alt=\"LSS_Sample_SL98\" \/><img loading=\"lazy\" decoding=\"async\" width=\"544\" height=\"420\" src=\"https:\/\/www.lewens.de\/wp-content\/uploads\/2025\/03\/Lewens_Gestellfarbe_SL-98.webp\" class=\"attachment-full size-full ratio-landscape\" alt=\"Lewens_Gestellfarbe_SL-98\" \/><\/span>\n\n\t<figcaption>\n        \n\t\t<span class=\"term--title\">\n\t\t\tMarrone\t\t<\/span>\n\n        <span class=\"term--description\"><p>lakier strukturalny<br \/>\nMetaliczna struktura drobnoziarnista matowa<\/p>\n<\/span>\n\n        <span class=\"term--color\">SL 98<\/span>\t<\/figcaption>\n<\/figure>\n<figure class=\"term-item taxonomy-frame_color swiper-slide\"\n\t>\n\t<span class=\"term--image\"><img loading=\"lazy\" decoding=\"async\" width=\"320\" height=\"320\" src=\"https:\/\/www.lewens.de\/wp-content\/uploads\/2025\/01\/LSS_Sample_SL99.webp\" class=\"attachment-full size-full ratio-square ratio-portrait\" alt=\"LSS_Sample_SL99\" \/><img loading=\"lazy\" decoding=\"async\" width=\"544\" height=\"420\" src=\"https:\/\/www.lewens.de\/wp-content\/uploads\/2025\/03\/Lewens_Gestellfarbe_SL-99.webp\" class=\"attachment-full size-full ratio-landscape\" alt=\"Lewens_Gestellfarbe_SL-99\" \/><\/span>\n\n\t<figcaption>\n        \n\t\t<span class=\"term--title\">\n\t\t\tZielony Highland\t\t<\/span>\n\n        <span class=\"term--description\"><p>lakier strukturalny<br \/>\nMetaliczna struktura drobnoziarnista matowa<\/p>\n<\/span>\n\n        <span class=\"term--color\">SL 99<\/span>\t<\/figcaption>\n<\/figure>\n<figure class=\"term-item taxonomy-frame_color swiper-slide\"\n\t>\n\t<span class=\"term--image\"><img loading=\"lazy\" decoding=\"async\" width=\"320\" height=\"320\" src=\"https:\/\/www.lewens.de\/wp-content\/uploads\/2025\/01\/LSS_Sample_SL97.webp\" class=\"attachment-full size-full ratio-square ratio-portrait\" alt=\"LSS_Sample_SL97\" \/><img loading=\"lazy\" decoding=\"async\" width=\"544\" height=\"420\" src=\"https:\/\/www.lewens.de\/wp-content\/uploads\/2025\/03\/Lewens_Gestellfarbe_SL-97.webp\" class=\"attachment-full size-full ratio-landscape\" alt=\"Lewens_Gestellfarbe_SL-97\" \/><\/span>\n\n\t<figcaption>\n        \n\t\t<span class=\"term--title\">\n\t\t\tChampagne\t\t<\/span>\n\n        <span class=\"term--description\"><p>lakier strukturalny<br \/>\nMetaliczna struktura drobnoziarnista matowa<\/p>\n<\/span>\n\n        <span class=\"term--color\">SL 97<\/span>\t<\/figcaption>\n<\/figure>\n<figure class=\"term-item taxonomy-frame_color swiper-slide\"\n\t>\n\t<span class=\"term--image\"><img loading=\"lazy\" decoding=\"async\" width=\"320\" height=\"320\" src=\"https:\/\/www.lewens.de\/wp-content\/uploads\/2025\/01\/LSS_Sample_SL100.webp\" class=\"attachment-full size-full ratio-square ratio-portrait\" alt=\"LSS_Sample_SL100\" \/><img loading=\"lazy\" decoding=\"async\" width=\"544\" height=\"420\" src=\"https:\/\/www.lewens.de\/wp-content\/uploads\/2025\/03\/Lewens_Gestellfarbe_SL-100.webp\" class=\"attachment-full size-full ratio-landscape\" alt=\"Lewens_Gestellfarbe_SL-100\" \/><\/span>\n\n\t<figcaption>\n        \n\t\t<span class=\"term--title\">\n\t\t\tRosso\t\t<\/span>\n\n        <span class=\"term--description\"><p>lakier strukturalny<br \/>\nMetaliczna struktura drobnoziarnista matowa<\/p>\n<\/span>\n\n        <span class=\"term--color\">SL 100<\/span>\t<\/figcaption>\n<\/figure>    <\/div>\n\n    <div class=\"swiper-ui\">\n        <div class=\"swiper-scrollbar\"><\/div>\n        <div class=\"swiper-button-prev\"><\/div>\n        <div class=\"swiper-button-next\"><\/div>\n    <\/div>\n<\/div>\n\n\n\n\n<div class=\"wp-block-buttons is-content-justification-center is-layout-flex wp-container-core-buttons-is-layout-16018d1d wp-block-buttons-is-layout-flex\">\n<div class=\"wp-block-button is-style-outline is-style-outline--1\"><a class=\"wp-block-button__link wp-element-button\" href=\"\/pl\/kolory-konstrukcji\/\">Wszystkie kolory konstrukcji<\/a><\/div>\n<\/div>\n<\/div>\n\n\n\n<div class=\"wp-block-group alignfull has-background is-layout-constrained wp-block-group-is-layout-constrained\" id=\"produkty-uzupelniajace\" aria-label=\"Produkty-uzupe\u0142niaj\u0105ce\" style=\"background-color:#f4f4ef\">\n<h2 class=\"wp-block-heading has-text-align-center\">Produkty uzupe\u0142niaj\u0105ce i akcesoria<\/h2>\n\n\n\n<div class=\"swiper taxonomy-terms swiper-overflow-visible\"\n     data-swiper=\"{&quot;navigation&quot;:true,&quot;pagination&quot;:&quot;scrollbar&quot;,&quot;slidesPerView&quot;:&quot;auto&quot;,&quot;mousewheel&quot;:true}\">\n     \n    <div class=\"swiper-wrapper\">\n        \n<figure class=\"term-item taxonomy-frame_accessory swiper-slide\"\n\tdata-href=\"https:\/\/www.lewens.de\/pl\/akcesoria\/oswietlenie-led\/\">\n\t<span class=\"term--image\"><img loading=\"lazy\" decoding=\"async\" width=\"300\" height=\"300\" src=\"https:\/\/www.lewens.de\/wp-content\/uploads\/2025\/04\/Lewens_LED_Streifen_Integrale.webp\" class=\"attachment-full size-full ratio-square ratio-portrait\" alt=\"Lewens_LED_Streifen_Integrale\" \/><img loading=\"lazy\" decoding=\"async\" width=\"300\" height=\"300\" src=\"https:\/\/www.lewens.de\/wp-content\/uploads\/2025\/04\/Lewens_LED_Streifen_Integrale.webp\" class=\"attachment-full size-full ratio-square ratio-portrait\" alt=\"Lewens_LED_Streifen_Integrale\" \/><\/span>\n\n\t<figcaption>\n        \n\t\t<span class=\"term--title\">\n\t\t\t<a href=\"https:\/\/www.lewens.de\/pl\/akcesoria\/oswietlenie-led\/\">Ta\u015bmy LED<\/a>\t\t<\/span>\n\n        <span class=\"term--description\"><\/span>\n\n        \t<\/figcaption>\n<\/figure>\n<figure class=\"term-item taxonomy-frame_accessory swiper-slide\"\n\tdata-href=\"https:\/\/www.lewens.de\/pl\/akcesoria\/oswietlenie-led\/\">\n\t<span class=\"term--image\"><img loading=\"lazy\" decoding=\"async\" width=\"300\" height=\"300\" src=\"https:\/\/www.lewens.de\/wp-content\/uploads\/2026\/04\/Lewens_LED-Pfosten_2.webp\" class=\"attachment-full size-full ratio-square ratio-portrait\" alt=\"Lewens_LED-Pfosten_2\" \/><img loading=\"lazy\" decoding=\"async\" width=\"300\" height=\"300\" src=\"https:\/\/www.lewens.de\/wp-content\/uploads\/2026\/04\/Lewens_LED-Pfosten_2.webp\" class=\"attachment-full size-full ratio-square ratio-portrait\" alt=\"Lewens_LED-Pfosten_2\" \/><\/span>\n\n\t<figcaption>\n        <p class=\"badges\"><span class=\"badgy\">Nowy<\/span><\/p>\n\t\t<span class=\"term--title\">\n\t\t\t<a href=\"https:\/\/www.lewens.de\/pl\/akcesoria\/oswietlenie-led\/\">S\u0142upek LED<\/a>\t\t<\/span>\n\n        <span class=\"term--description\"><\/span>\n\n        \t<\/figcaption>\n<\/figure>\n<figure class=\"term-item taxonomy-frame_accessory swiper-slide\"\n\tdata-href=\"https:\/\/www.lewens.de\/pl\/akcesoria\/promiennik-grzewczy\/\">\n\t<span class=\"term--image\"><img loading=\"lazy\" decoding=\"async\" width=\"300\" height=\"300\" src=\"https:\/\/www.lewens.de\/wp-content\/uploads\/2025\/04\/Lewens_Solamagic-2.webp\" class=\"attachment-full size-full ratio-square ratio-portrait\" alt=\"Lewens_Solamagic\" \/><img loading=\"lazy\" decoding=\"async\" width=\"300\" height=\"300\" src=\"https:\/\/www.lewens.de\/wp-content\/uploads\/2025\/04\/Lewens_Solamagic-2.webp\" class=\"attachment-full size-full ratio-square ratio-portrait\" alt=\"Lewens_Solamagic\" \/><\/span>\n\n\t<figcaption>\n        \n\t\t<span class=\"term--title\">\n\t\t\t<a href=\"https:\/\/www.lewens.de\/pl\/akcesoria\/promiennik-grzewczy\/\">promiennik<\/a>\t\t<\/span>\n\n        <span class=\"term--description\"><\/span>\n\n        \t<\/figcaption>\n<\/figure>\n<figure class=\"term-item taxonomy-frame_option swiper-slide\"\n\tdata-href=\"https:\/\/www.lewens.de\/pl\/option\/zamkniecie-trojkatne-wypelnienie-trojkatne-z-tkaniny\/\">\n\t<span class=\"term--image\"><img loading=\"lazy\" decoding=\"async\" width=\"300\" height=\"300\" src=\"https:\/\/www.lewens.de\/wp-content\/uploads\/2026\/04\/Lewens_DreieckschlussA_FULL.webp\" class=\"attachment-full size-full ratio-square ratio-portrait\" alt=\"Lewens_DreieckschlussA_FULL\" \/><img loading=\"lazy\" decoding=\"async\" width=\"300\" height=\"300\" src=\"https:\/\/www.lewens.de\/wp-content\/uploads\/2026\/04\/Lewens_DreieckschlussA_FULL.webp\" class=\"attachment-full size-full ratio-square ratio-portrait\" alt=\"Lewens_DreieckschlussA_FULL\" \/><\/span>\n\n\t<figcaption>\n        \n\t\t<span class=\"term--title\">\n\t\t\t<a href=\"https:\/\/www.lewens.de\/pl\/option\/zamkniecie-trojkatne-wypelnienie-trojkatne-z-tkaniny\/\">tr\u00f3jk\u0105tne zamkni\u0119cie Typ A<\/a>\t\t<\/span>\n\n        <span class=\"term--description\"><\/span>\n\n        \t<\/figcaption>\n<\/figure>\n<figure class=\"term-item taxonomy-frame_option swiper-slide\"\n\tdata-href=\"https:\/\/www.lewens.de\/pl\/option\/zamkniecie-trojkatne-wypelnienie-trojkatne-z-tkaniny\/\">\n\t<span class=\"term--image\"><img loading=\"lazy\" decoding=\"async\" width=\"300\" height=\"300\" src=\"https:\/\/www.lewens.de\/wp-content\/uploads\/2026\/04\/Lewens_DreieckschlussB_FULL.webp\" class=\"attachment-full size-full ratio-square ratio-portrait\" alt=\"Lewens_DreieckschlussB_FULL\" \/><img loading=\"lazy\" decoding=\"async\" width=\"300\" height=\"300\" src=\"https:\/\/www.lewens.de\/wp-content\/uploads\/2026\/04\/Lewens_DreieckschlussB_FULL.webp\" class=\"attachment-full size-full ratio-square ratio-portrait\" alt=\"Lewens_DreieckschlussB_FULL\" \/><\/span>\n\n\t<figcaption>\n        \n\t\t<span class=\"term--title\">\n\t\t\t<a href=\"https:\/\/www.lewens.de\/pl\/option\/zamkniecie-trojkatne-wypelnienie-trojkatne-z-tkaniny\/\">tr\u00f3jk\u0105tne zamkni\u0119cie Typ B<\/a>\t\t<\/span>\n\n        <span class=\"term--description\"><\/span>\n\n        \t<\/figcaption>\n<\/figure>\n<figure class=\"term-item taxonomy-frame_option swiper-slide\"\n\tdata-href=\"https:\/\/www.lewens.de\/pl\/option\/zamkniecie-trojkatne-wypelnienie-trojkatne-z-tkaniny\/\">\n\t<span class=\"term--image\"><img loading=\"lazy\" decoding=\"async\" width=\"300\" height=\"300\" src=\"https:\/\/www.lewens.de\/wp-content\/uploads\/2026\/04\/Lewens_Dreiecksbespannung.webp\" class=\"attachment-full size-full ratio-square ratio-portrait\" alt=\"Lewens_Dreiecksbespannung\" \/><img loading=\"lazy\" decoding=\"async\" width=\"300\" height=\"300\" src=\"https:\/\/www.lewens.de\/wp-content\/uploads\/2026\/04\/Lewens_Dreiecksbespannung.webp\" class=\"attachment-full size-full ratio-square ratio-portrait\" alt=\"Lewens_Dreiecksbespannung\" \/><\/span>\n\n\t<figcaption>\n        <p class=\"badges\"><span class=\"badgy\">Nowy<\/span><\/p>\n\t\t<span class=\"term--title\">\n\t\t\t<a href=\"https:\/\/www.lewens.de\/pl\/option\/zamkniecie-trojkatne-wypelnienie-trojkatne-z-tkaniny\/\">Poszycie tr\u00f3jk\u0105tne<\/a>\t\t<\/span>\n\n        <span class=\"term--description\"><\/span>\n\n        \t<\/figcaption>\n<\/figure>    <\/div>\n\n    <div class=\"swiper-ui\">\n        <div class=\"swiper-scrollbar\"><\/div>\n        <div class=\"swiper-button-prev\"><\/div>\n        <div class=\"swiper-button-next\"><\/div>\n    <\/div>\n<\/div>\n\n<\/div>\n\n\n\n<div class=\"wp-block-group alignfull has-background is-layout-constrained wp-block-group-is-layout-constrained\" style=\"background:linear-gradient(180deg,rgb(244,244,239) 21%,rgb(228,228,216) 38%,rgba(255,255,255,0) 38%)\">\n<div class=\"wp-block-cover\" style=\"min-height:530px;aspect-ratio:unset;\"><img loading=\"lazy\" decoding=\"async\" width=\"1361\" height=\"530\" class=\"wp-block-cover__image-background wp-image-417\" alt=\"\" src=\"https:\/\/www.lewens.de\/wp-content\/uploads\/2024\/12\/Rectangle-44-2.png\" data-object-fit=\"cover\"\/><span aria-hidden=\"true\" class=\"wp-block-cover__background has-background-dim-60 has-background-dim wp-block-cover__gradient-background has-background-gradient\" style=\"background:linear-gradient(90deg,rgb(0,0,0) 39%,rgba(255,255,255,0) 100%)\"><\/span><div class=\"wp-block-cover__inner-container is-layout-constrained wp-block-cover-is-layout-constrained\">\n<div class=\"wp-block-columns is-layout-flex wp-container-core-columns-is-layout-9d6595d7 wp-block-columns-is-layout-flex\">\n<div class=\"wp-block-column is-layout-flow wp-block-column-is-layout-flow\" style=\"flex-basis:50%\">\n<h2 class=\"wp-block-heading\">Tak indywidualne jak Pa\u0144stwa dom \u2013 nasze poszycia do markiz<\/h2>\n\n\n\n<p>Ponad 300 wzor\u00f3w i r\u00f3\u017cne rodzaje poszycia pozwalaj\u0105 idealnie dopasowa\u0107 os\u0142on\u0119 przeciws\u0142oneczn\u0105 do Pa\u0144stwa domu, stylu i potrzeb.<\/p>\n\n\n\n<div class=\"wp-block-buttons is-layout-flex wp-block-buttons-is-layout-flex\">\n<div class=\"wp-block-button\"><a class=\"wp-block-button__link has-white-color has-text-color has-link-color wp-element-button\" href=\"\/pl\/tkaniny-markizowe\/\">Do Poszycia do markiz<\/a><\/div>\n<\/div>\n<\/div>\n\n\n\n<div class=\"wp-block-column is-layout-flow wp-block-column-is-layout-flow\" style=\"flex-basis:66.66%\"><\/div>\n<\/div>\n<\/div><\/div>\n<\/div>\n\n\n\n<div class=\"wp-block-group alignfull is-layout-constrained wp-block-group-is-layout-constrained\" id=\"pliki-do-pobrania\" aria-label=\"Pliki-do-pobrania\">\n<h2 class=\"wp-block-heading has-text-align-center\">Broszury i dodatkowe informacje<br><br><\/h2>\n\n\n\n<div class=\"wp-block-group is-layout-constrained wp-block-group-is-layout-constrained\">\n<div class=\"wp-block-file\"><a id=\"wp-block-file-media-63d7453a-406a-4f83-a8f6-01c59d265fdd\" aria-label=\"wp-block-file--media-63d7453a-406a-4f83-a8f6-01c59d265fdd\" href=\"https:\/\/www.lewens.de\/wp-content\/uploads\/2025\/12\/Prospekt_Glasdach_2407_PL.pdf\">Broszura Grupa dach\u00f3w szklanych<br><em>2024, PL<\/em><\/a><a href=\"https:\/\/www.lewens.de\/wp-content\/uploads\/2025\/12\/Prospekt_Glasdach_2407_PL.pdf\" class=\"wp-block-file__button wp-element-button\" download aria-describedby=\"wp-block-file--media-63d7453a-406a-4f83-a8f6-01c59d265fdd\">Pobierz<\/a><\/div>\n\n\n\n<div class=\"wp-block-file\"><a id=\"wp-block-file-media-7d707b4c-f982-40bf-a377-592bf6476a4b\" aria-label=\"wp-block-file--media-7d707b4c-f982-40bf-a377-592bf6476a4b\" href=\"https:\/\/www.lewens.de\/wp-content\/uploads\/2026\/04\/LEW_VKL_Murano_Modulare_260420.pdf\">Broszura Murano Modulare<br><em>2026, DE<\/em><\/a><a href=\"https:\/\/www.lewens.de\/wp-content\/uploads\/2026\/04\/LEW_VKL_Murano_Modulare_260420.pdf\" class=\"wp-block-file__button wp-element-button\" download aria-describedby=\"wp-block-file--media-7d707b4c-f982-40bf-a377-592bf6476a4b\">Pobierz<\/a><\/div>\n<\/div>\n<\/div>\n\n\n\n<div class=\"wp-block-group alignfull is-layout-constrained wp-block-group-is-layout-constrained\">\n<h2 class=\"wp-block-heading has-text-align-center\">Odkryj inne produkty Lewens<\/h2>\n\n\n\n<div data-uuid=\"546bb4ef-fced-4e42-a684-dc432b49b2a0\" data-grid=\"3\" class=\"wp-block-posts-list-block frame-posts-list wp-block-group is-layout-grid wp-block-group-is-layout-grid\"><span class=\"posts-list--do-not-append\" data-result-cnt=\"3\" hidden><span>3 wynik\u00f3w<\/span><\/span>\n\t\t\t\n<article id=\"post-10391\" class=\"post-10391 frame type-frame status-publish has-post-thumbnail hentry frame_category-szklane-dachy-z-zintegrowana-markiza frame_type-murano-integrale frame_type-murano-integrale-wysuniecie frame_color-standardowe-kolory-konstrukcji frame_width-max-700-cm frame_depth-max-500-cm frame_drive-silnik-elektryczny frame_drive-silnika-elektrycznego-opcja frame_accessory-pilot-zdalnego-sterowania frame_accessory-fuer-murano frame_accessory-listwa-led-do-murano frame_accessory-dla-murano-integrale-tasmy-led-2 frame_accessory-promiennik frame_accessory-inteligentne-sterowanie frame_accessory-automatyka-pogodowa frame_option-dla-murano-integrale frame_option-fuer-murano-integrale-dodatkowy-odplyw-wodny-2 frame_option-zamkniecie-trojkatne-typ-a-dla-murano frame_option-zamkniecie-trojkatne-typ-bdla-murano frame_certificate-jakosc-i-technologia-zgodnie-z-norma-ce frame_certificate-bezpieczenstwo-sprawdzone-przez-tuv frame_certificate-wyprodukowane-i-zmontowane-w-niemczech frame_certificate-plus-x-award-2021 frame_glazing-plyty-dwukomorowe-16-mm frame_glazing-plyty-dwukomorowe-20-mm frame_glazing-plyty-dwukomorowe-22-mm frame_glazing-plyty-dwukomorowe-24-mm frame_glazing-vsg-10-mm frame_glazing-vsg-12-mm fabric_material-akryl-1 fabric_material-akryl-2 fabric_material-poliester pl-PL teaser-view\"\tdata-href=\"https:\/\/www.lewens.de\/pl\/produkty\/murano-integrale\/\">\n\n\t        <header class=\"entry-header\">\n                        <h2 class=\"entry-title\"><a href=\"https:\/\/www.lewens.de\/pl\/produkty\/murano-integrale\/\" rel=\"bookmark\">Murano Integrale<\/a><\/h2>\n                            <div class=\"frame-category-list\" style=\"text-transform:uppercase\">\n                    <a href=\"https:\/\/www.lewens.de\/pl\/produkty\/kategoria\/szklane-dachy-z-zintegrowana-markiza\/\">Szklane dachy z wbudowan\u0105 markiz\u0105<\/a>                <\/div>\n                    <\/header><!-- .entry-header -->\n\t\n\t\n            <figure class=\"wp-block-image post-thumbnail\" data-href=\"https:\/\/www.lewens.de\/pl\/produkty\/murano-integrale\/\" aria-hidden=\"true\" tabindex=\"-1\">\n\t\t\t\t<img loading=\"lazy\" decoding=\"async\" width=\"640\" height=\"360\" src=\"https:\/\/www.lewens.de\/wp-content\/uploads\/2025\/03\/Lewens_Integrale_B_FULL.webp\" class=\"attachment-medium_large size-medium_large ratio-landscape wp-post-image\" alt=\"Murano Integrale\" \/><img loading=\"lazy\" decoding=\"async\" width=\"640\" height=\"640\" src=\"https:\/\/www.lewens.de\/wp-content\/uploads\/2025\/02\/Lewens_Murano_Integrale_Square.webp\" class=\"attachment-medium_large size-medium_large ratio-square ratio-portrait\" alt=\"Murano Integrale\" \/>            <\/figure>\n\n\t\t\n    <!-- Anchor navigation -->\n\t\n    <div class=\"entry-content\">\n\t\t<p>Szklany dach z wbudowan\u0105 markiz\u0105 \u2013 optymalna ochrona dzi\u0119ki zintegrowanej os\u0142onie przeciws\u0142onecznej.<\/p>\n                <div class=\"spec-item frame-dimensions\">\n                    <span class=\"spec-label\">Maksymalna szeroko\u015b\u0107 x d\u0142ugo\u015b\u0107:<\/span>\n\t\t\t\t\t<span class=\"spec-value\">max. 700 cm x max. 500 cm<\/span>\n                <\/div>\n\t\t\t    <\/div><!-- .entry-content -->\n\n\t        <footer class=\"entry-footer wp-block-buttons\">\n            <a href=\"https:\/\/www.lewens.de\/pl\/produkty\/murano-integrale\/\" class=\"wp-element-button icont-details \">\n                Szczeg\u00f3\u0142y            <\/a>\n                   <\/footer><!-- .entry-footer -->\n\t\n<\/article><!-- #post-10391 -->\n\n<article id=\"post-10395\" class=\"post-10395 frame type-frame status-publish has-post-thumbnail hentry frame_category-szklane-dachy-z-zintegrowana-markiza frame_type-murano-integrale-z frame_type-murano-integrale-z-w-jednej-linii frame_color-standardowe-kolory-konstrukcji frame_width-max-700-cm frame_depth-max-500-cm frame_drive-silnik-elektryczny frame_drive-silnika-elektrycznego-opcja frame_accessory-pilot-zdalnego-sterowania frame_accessory-listwa-led-do-murano frame_accessory-dla-murano-integrale-tasmy-led-2 frame_accessory-fuer-murano frame_accessory-promiennik frame_accessory-inteligentne-sterowanie frame_accessory-automatyka-pogodowa frame_option-zamkniecie-trojkatne-typ-bdla-murano frame_option-dla-murano-integrale frame_option-fuer-murano-integrale-dodatkowy-odplyw-wodny-2 frame_option-fuer-murano frame_option-zamkniecie-trojkatne-typ-a-dla-murano frame_certificate-jakosc-i-technologia-zgodnie-z-norma-ce frame_certificate-bezpieczenstwo-sprawdzone-przez-tuv frame_certificate-wyprodukowane-i-zmontowane-w-niemczech frame_certificate-if-design-award frame_certificate-german-innovation-award frame_certificate-plus-x-award-2021 frame_glazing-plyty-dwukomorowe-16-mm frame_glazing-plyty-dwukomorowe-20-mm frame_glazing-plyty-dwukomorowe-22-mm frame_glazing-plyty-dwukomorowe-24-mm frame_glazing-vsg-10-mm frame_glazing-vsg-12-mm fabric_material-akryl-1 fabric_material-akryl-2 fabric_material-poliester pl-PL teaser-view\"\tdata-href=\"https:\/\/www.lewens.de\/pl\/produkty\/murano-integrale-z\/\">\n\n\t        <header class=\"entry-header\">\n                        <h2 class=\"entry-title\"><a href=\"https:\/\/www.lewens.de\/pl\/produkty\/murano-integrale-z\/\" rel=\"bookmark\">Murano Integrale Z<\/a><\/h2>\n                            <div class=\"frame-category-list\" style=\"text-transform:uppercase\">\n                    <a href=\"https:\/\/www.lewens.de\/pl\/produkty\/kategoria\/szklane-dachy-z-zintegrowana-markiza\/\">Szklane dachy z wbudowan\u0105 markiz\u0105<\/a>                <\/div>\n                    <\/header><!-- .entry-header -->\n\t\n\t\n            <figure class=\"wp-block-image post-thumbnail\" data-href=\"https:\/\/www.lewens.de\/pl\/produkty\/murano-integrale-z\/\" aria-hidden=\"true\" tabindex=\"-1\">\n\t\t\t\t<img loading=\"lazy\" decoding=\"async\" width=\"640\" height=\"360\" src=\"https:\/\/www.lewens.de\/wp-content\/uploads\/2025\/03\/Lewens_Integrale_Zip_Ue_FULL.webp\" class=\"attachment-medium_large size-medium_large ratio-landscape wp-post-image\" alt=\"Murano Integrale Z\" \/><img loading=\"lazy\" decoding=\"async\" width=\"640\" height=\"640\" src=\"https:\/\/www.lewens.de\/wp-content\/uploads\/2025\/04\/Lewens_Murano_Integrale_Zip_Square.webp\" class=\"attachment-medium_large size-medium_large ratio-square ratio-portrait\" alt=\"Murano Integrale Z\" \/>            <\/figure>\n\n\t\t\n    <!-- Anchor navigation -->\n\t\n    <div class=\"entry-content\">\n\t\t<p>Szklany dach z wbudowan\u0105 markiz\u0105 z szynami ZIP \u2013 napi\u0119ta tkanina i doskona\u0142a ochrona przed s\u0142o\u0144cem.<\/p>\n                <div class=\"spec-item frame-dimensions\">\n                    <span class=\"spec-label\">Maksymalna szeroko\u015b\u0107 x d\u0142ugo\u015b\u0107:<\/span>\n\t\t\t\t\t<span class=\"spec-value\">max. 700 cm x max. 500 cm<\/span>\n                <\/div>\n\t\t\t    <\/div><!-- .entry-content -->\n\n\t        <footer class=\"entry-footer wp-block-buttons\">\n            <a href=\"https:\/\/www.lewens.de\/pl\/produkty\/murano-integrale-z\/\" class=\"wp-element-button icont-details \">\n                Szczeg\u00f3\u0142y            <\/a>\n                   <\/footer><!-- .entry-footer -->\n\t\n<\/article><!-- #post-10395 -->\n\n<article id=\"post-10398\" class=\"post-10398 frame type-frame status-publish has-post-thumbnail hentry frame_category-dachy-szklane frame_type-murano-vetro frame_type-murano-vetro-wysuniecie frame_color-standardowe-kolory-konstrukcji frame_width-max-700-cm frame_depth-max-500-cm frame_accessory-listwa-led-do-murano frame_accessory-fuer-murano frame_accessory-dla-murano-integrale-tasmy-led-2 frame_accessory-promiennik frame_option-zamkniecie-trojkatne-typ-bdla-murano frame_option-zamkniecie-trojkatne-typ-a-dla-murano frame_certificate-jakosc-i-technologia-zgodnie-z-norma-ce frame_certificate-bezpieczenstwo-sprawdzone-przez-tuv frame_certificate-wyprodukowane-i-zmontowane-w-niemczech frame_glazing-plyty-dwukomorowe-16-mm frame_glazing-plyty-dwukomorowe-20-mm frame_glazing-plyty-dwukomorowe-22-mm frame_glazing-plyty-dwukomorowe-24-mm frame_glazing-vsg-10-mm frame_glazing-vsg-12-mm pl-PL teaser-view\"\tdata-href=\"https:\/\/www.lewens.de\/pl\/produkty\/murano-vetro\/\">\n\n\t        <header class=\"entry-header\">\n                        <h2 class=\"entry-title\"><a href=\"https:\/\/www.lewens.de\/pl\/produkty\/murano-vetro\/\" rel=\"bookmark\">Murano Vetro<\/a><\/h2>\n                            <div class=\"frame-category-list\" style=\"text-transform:uppercase\">\n                    <a href=\"https:\/\/www.lewens.de\/pl\/produkty\/kategoria\/dachy-szklane\/\">Szklane dachy<\/a>                <\/div>\n                    <\/header><!-- .entry-header -->\n\t\n\t\n            <figure class=\"wp-block-image post-thumbnail\" data-href=\"https:\/\/www.lewens.de\/pl\/produkty\/murano-vetro\/\" aria-hidden=\"true\" tabindex=\"-1\">\n\t\t\t\t<img loading=\"lazy\" decoding=\"async\" width=\"640\" height=\"360\" src=\"https:\/\/www.lewens.de\/wp-content\/uploads\/2025\/03\/Lewens_Vetro_Ue_FULL.webp\" class=\"attachment-medium_large size-medium_large ratio-landscape wp-post-image\" alt=\"Murano Vetro\" \/><img loading=\"lazy\" decoding=\"async\" width=\"640\" height=\"640\" src=\"https:\/\/www.lewens.de\/wp-content\/uploads\/2025\/02\/Lewens_Murano_Vetro_Square.webp\" class=\"attachment-medium_large size-medium_large ratio-square ratio-portrait\" alt=\"Murano Vetro\" \/>            <\/figure>\n\n\t\t\n    <!-- Anchor navigation -->\n\t\n    <div class=\"entry-content\">\n\t\t<p>Szklany dach do du\u017cych taras\u00f3w \u2013 elegancka ochrona przed warunkami atmosferycznymi o ka\u017cdej porze roku.<\/p>\n                <div class=\"spec-item frame-dimensions\">\n                    <span class=\"spec-label\">Maksymalna szeroko\u015b\u0107 x d\u0142ugo\u015b\u0107:<\/span>\n\t\t\t\t\t<span class=\"spec-value\">max. 700 cm x max. 500 cm<\/span>\n                <\/div>\n\t\t\t    <\/div><!-- .entry-content -->\n\n\t        <footer class=\"entry-footer wp-block-buttons\">\n            <a href=\"https:\/\/www.lewens.de\/pl\/produkty\/murano-vetro\/\" class=\"wp-element-button icont-details \">\n                Szczeg\u00f3\u0142y            <\/a>\n                   <\/footer><!-- .entry-footer -->\n\t\n<\/article><!-- #post-10398 -->\n<\/div>\n<\/div>\n","protected":false},"excerpt":{"rendered":"<p>Szklany dach do wymagaj\u0105cych sytuacji budowlanych z uskokami \u015bcian.<\/p>\n","protected":false},"featured_media":12924,"menu_order":270,"template":"","meta":{"_locale":"pl_PL","_original_post":"https:\/\/www.lewens.de\/?post_type=frame&p=12836","_thumbnails":[12924,12898],"footnotes":"","_hide_thumbnail":false},"frame_category":[18],"frame_type":[538],"frame_color":[37],"frame_width":[401],"frame_depth":[138],"frame_height":[],"frame_drive":[],"frame_accessory":[325,545,209],"frame_option":[337,354,550],"frame_certificate":[65,64,63],"frame_glazing":[262,540,541,542,260,261],"frame_object_type":[],"fabric_material":[],"badge":[548],"class_list":["post-13205","frame","type-frame","status-publish","has-post-thumbnail","hentry","frame_category-dachy-szklane","frame_type-murano-modulare","frame_color-standardowe-kolory-konstrukcji","frame_width-max-700-cm","frame_depth-max-400-cm","frame_accessory-dla-murano-integrale-tasmy-led-2","frame_accessory-fuer-murano","frame_accessory-promiennik","frame_option-zamkniecie-trojkatne-typ-a-dla-murano","frame_option-zamkniecie-trojkatne-typ-bdla-murano","frame_option-fuer-murano","frame_certificate-jakosc-i-technologia-zgodnie-z-norma-ce","frame_certificate-bezpieczenstwo-sprawdzone-przez-tuv","frame_certificate-wyprodukowane-i-zmontowane-w-niemczech","frame_glazing-plyty-dwukomorowe-16-mm","frame_glazing-plyty-dwukomorowe-20-mm","frame_glazing-plyty-dwukomorowe-22-mm","frame_glazing-plyty-dwukomorowe-24-mm","frame_glazing-vsg-10-mm","frame_glazing-vsg-12-mm","badge-nowy-produkt","pl-PL","teaser-view"],"aioseo_notices":[],"_links":{"self":[{"href":"https:\/\/www.lewens.de\/wp-json\/wp\/v2\/frame\/13205","targetHints":{"allow":["GET"]}}],"collection":[{"href":"https:\/\/www.lewens.de\/wp-json\/wp\/v2\/frame"}],"about":[{"href":"https:\/\/www.lewens.de\/wp-json\/wp\/v2\/types\/frame"}],"version-history":[{"count":6,"href":"https:\/\/www.lewens.de\/wp-json\/wp\/v2\/frame\/13205\/revisions"}],"predecessor-version":[{"id":13295,"href":"https:\/\/www.lewens.de\/wp-json\/wp\/v2\/frame\/13205\/revisions\/13295"}],"wp:featuredmedia":[{"embeddable":true,"href":"https:\/\/www.lewens.de\/wp-json\/wp\/v2\/media\/12924"}],"wp:attachment":[{"href":"https:\/\/www.lewens.de\/wp-json\/wp\/v2\/media?parent=13205"}],"wp:term":[{"taxonomy":"frame_category","embeddable":true,"href":"https:\/\/www.lewens.de\/wp-json\/wp\/v2\/frame_category?post=13205"},{"taxonomy":"frame_type","embeddable":true,"href":"https:\/\/www.lewens.de\/wp-json\/wp\/v2\/frame_type?post=13205"},{"taxonomy":"frame_color","embeddable":true,"href":"https:\/\/www.lewens.de\/wp-json\/wp\/v2\/frame_color?post=13205"},{"taxonomy":"frame_width","embeddable":true,"href":"https:\/\/www.lewens.de\/wp-json\/wp\/v2\/frame_width?post=13205"},{"taxonomy":"frame_depth","embeddable":true,"href":"https:\/\/www.lewens.de\/wp-json\/wp\/v2\/frame_depth?post=13205"},{"taxonomy":"frame_height","embeddable":true,"href":"https:\/\/www.lewens.de\/wp-json\/wp\/v2\/frame_height?post=13205"},{"taxonomy":"frame_drive","embeddable":true,"href":"https:\/\/www.lewens.de\/wp-json\/wp\/v2\/frame_drive?post=13205"},{"taxonomy":"frame_accessory","embeddable":true,"href":"https:\/\/www.lewens.de\/wp-json\/wp\/v2\/frame_accessory?post=13205"},{"taxonomy":"frame_option","embeddable":true,"href":"https:\/\/www.lewens.de\/wp-json\/wp\/v2\/frame_option?post=13205"},{"taxonomy":"frame_certificate","embeddable":true,"href":"https:\/\/www.lewens.de\/wp-json\/wp\/v2\/frame_certificate?post=13205"},{"taxonomy":"frame_glazing","embeddable":true,"href":"https:\/\/www.lewens.de\/wp-json\/wp\/v2\/frame_glazing?post=13205"},{"taxonomy":"frame_object_type","embeddable":true,"href":"https:\/\/www.lewens.de\/wp-json\/wp\/v2\/frame_object_type?post=13205"},{"taxonomy":"fabric_material","embeddable":true,"href":"https:\/\/www.lewens.de\/wp-json\/wp\/v2\/fabric_material?post=13205"},{"taxonomy":"badge","embeddable":true,"href":"https:\/\/www.lewens.de\/wp-json\/wp\/v2\/badge?post=13205"}],"curies":[{"name":"wp","href":"https:\/\/api.w.org\/{rel}","templated":true}]}}