{"id":12219,"date":"2026-01-06T12:05:08","date_gmt":"2026-01-06T12:05:08","guid":{"rendered":"https:\/\/www.lewens.de\/?page_id=12219"},"modified":"2026-04-20T14:25:17","modified_gmt":"2026-04-20T14:25:17","slug":"aktualnosci","status":"publish","type":"page","link":"https:\/\/www.lewens.de\/pl\/aktualnosci\/","title":{"rendered":"Aktualno\u015bci"},"content":{"rendered":"\n<div class=\"wp-block-group alignfull big-sun-bg has-yellow-background-color has-background is-layout-constrained wp-block-group-is-layout-constrained\">\n<div class=\"wp-block-group is-layout-constrained wp-block-group-is-layout-constrained\">\n<h1 class=\"wp-block-heading has-text-align-center\">Najnowsze pod s\u0142o\u0144cem<\/h1>\n<\/div>\n\n\n\n<div data-uuid=\"71689120-7d47-43ac-9554-43b8711eb716\" data-grid=\"3\" class=\"wp-block-posts-list-block post-posts-list wp-block-group is-layout-grid wp-block-group-is-layout-grid\"><span class=\"posts-list--do-not-append\" data-result-cnt=\"4\" hidden><span>4 wynik\u00f3w<\/span><\/span>\n\t\t\t\n<article id=\"post-13238\" class=\"post-13238 post type-post status-publish format-standard has-post-thumbnail hentry category-ogolnie pl-PL teaser-view\"\tdata-href=\"https:\/\/www.lewens.de\/pl\/murano-modulare-bo-kazdy-taras-ma-swoja-wlasna-historie\/\">\n\t        <header class=\"entry-header\">\n\t\t\t<h2 class=\"entry-title\"><a href=\"https:\/\/www.lewens.de\/pl\/murano-modulare-bo-kazdy-taras-ma-swoja-wlasna-historie\/\" rel=\"bookmark\">Murano Modulare. Bo ka\u017cdy taras ma swoj\u0105 w\u0142asn\u0105 histori\u0119.<\/a><\/h2>\n\t\t\t        <\/header><!-- .entry-header -->\n\t\n    <div class=\"entry-meta\">\n        <span class=\"posted-on\">Opublikowano dnia <a href=\"https:\/\/www.lewens.de\/pl\/murano-modulare-bo-kazdy-taras-ma-swoja-wlasna-historie\/\" rel=\"bookmark\"><time class=\"entry-date published\" datetime=\"2026-04-18T18:38:28+00:00\">18.04.2026<\/time><time class=\"updated\" datetime=\"2026-04-20T12:24:11+00:00\">20.04.2026<\/time><\/a><\/span>    <\/div>\n\n    \n            <figure class=\"wp-block-image post-thumbnail\" data-href=\"https:\/\/www.lewens.de\/pl\/murano-modulare-bo-kazdy-taras-ma-swoja-wlasna-historie\/\" aria-hidden=\"true\" tabindex=\"-1\">\n\t\t\t\t<img loading=\"lazy\" decoding=\"async\" width=\"1120\" height=\"1258\" src=\"https:\/\/www.lewens.de\/wp-content\/uploads\/2026\/04\/Lewens_Murano_Modulare_01.webp\" class=\"attachment-post-thumbnail size-post-thumbnail ratio-portrait wp-post-image\" alt=\"Murano Modulare. Bo ka\u017cdy taras ma swoj\u0105 w\u0142asn\u0105 histori\u0119.\" \/>            <\/figure>\n\n\t\t\n\t<div class=\"entry-content\">\n\t\t<p>Elastyczno\u015b\u0107 na nowym poziomie: to, co sprawia, \u017ce wiele zadasze\u0144 zawodzi, jest dla Murano Modulare punktem wyj\u015bcia.<\/p>\n\t<\/div><!-- .entry-content -->\n<\/article><!-- #post-13238 -->\n\n<article id=\"post-13241\" class=\"post-13241 post type-post status-publish format-standard has-post-thumbnail hentry category-ogolnie pl-PL teaser-view\"\tdata-href=\"https:\/\/www.lewens.de\/pl\/murano-puro-przekracza-wlasne-granice\/\">\n\t        <header class=\"entry-header\">\n\t\t\t<h2 class=\"entry-title\"><a href=\"https:\/\/www.lewens.de\/pl\/murano-puro-przekracza-wlasne-granice\/\" rel=\"bookmark\">Murano Puro przekracza w\u0142asne granice.<\/a><\/h2>\n\t\t\t        <\/header><!-- .entry-header -->\n\t\n    <div class=\"entry-meta\">\n        <span class=\"posted-on\">Opublikowano dnia <a href=\"https:\/\/www.lewens.de\/pl\/murano-puro-przekracza-wlasne-granice\/\" rel=\"bookmark\"><time class=\"entry-date published\" datetime=\"2026-04-18T18:37:41+00:00\">18.04.2026<\/time><time class=\"updated\" datetime=\"2026-04-20T12:24:17+00:00\">20.04.2026<\/time><\/a><\/span>    <\/div>\n\n    \n            <figure class=\"wp-block-image post-thumbnail\" data-href=\"https:\/\/www.lewens.de\/pl\/murano-puro-przekracza-wlasne-granice\/\" aria-hidden=\"true\" tabindex=\"-1\">\n\t\t\t\t<img loading=\"lazy\" decoding=\"async\" width=\"1120\" height=\"1258\" src=\"https:\/\/www.lewens.de\/wp-content\/uploads\/2026\/04\/Lewens_Murano_Puro_Uberstand.webp\" class=\"attachment-post-thumbnail size-post-thumbnail ratio-portrait wp-post-image\" alt=\"Murano Puro przekracza w\u0142asne granice.\" \/>            <\/figure>\n\n\t\t\n\t<div class=\"entry-content\">\n\t\t<p>To jeden z klasyk\u00f3w serii szklanych dach\u00f3w Murano. A teraz dos\u0142ownie przekracza w\u0142asne granice.<\/p>\n\t<\/div><!-- .entry-content -->\n<\/article><!-- #post-13241 -->\n\n<article id=\"post-13247\" class=\"post-13247 post type-post status-publish format-standard has-post-thumbnail hentry category-ogolnie pl-PL teaser-view\"\tdata-href=\"https:\/\/www.lewens.de\/pl\/wszystko-swieci-a-slupek-led-kryje-w-sobie-technologie\/\">\n\t        <header class=\"entry-header\">\n\t\t\t<h2 class=\"entry-title\"><a href=\"https:\/\/www.lewens.de\/pl\/wszystko-swieci-a-slupek-led-kryje-w-sobie-technologie\/\" rel=\"bookmark\">Wszystko \u015bwieci. A s\u0142upek LED kryje w sobie technologi\u0119.<\/a><\/h2>\n\t\t\t        <\/header><!-- .entry-header -->\n\t\n    <div class=\"entry-meta\">\n        <span class=\"posted-on\">Opublikowano dnia <a href=\"https:\/\/www.lewens.de\/pl\/wszystko-swieci-a-slupek-led-kryje-w-sobie-technologie\/\" rel=\"bookmark\"><time class=\"entry-date published\" datetime=\"2026-04-18T18:36:20+00:00\">18.04.2026<\/time><time class=\"updated\" datetime=\"2026-04-20T12:24:21+00:00\">20.04.2026<\/time><\/a><\/span>    <\/div>\n\n    \n            <figure class=\"wp-block-image post-thumbnail\" data-href=\"https:\/\/www.lewens.de\/pl\/wszystko-swieci-a-slupek-led-kryje-w-sobie-technologie\/\" aria-hidden=\"true\" tabindex=\"-1\">\n\t\t\t\t<img loading=\"lazy\" decoding=\"async\" width=\"1120\" height=\"1258\" src=\"https:\/\/www.lewens.de\/wp-content\/uploads\/2026\/04\/Lewens_LED_Pfosten_01.webp\" class=\"attachment-post-thumbnail size-post-thumbnail ratio-portrait wp-post-image\" alt=\"Wszystko \u015bwieci. A s\u0142upek LED kryje w sobie technologi\u0119.\" \/>            <\/figure>\n\n\t\t\n\t<div class=\"entry-content\">\n\t\t<p>Dzi\u0119ki nowemu o\u015bwietleniu LED s\u0142upk\u00f3w od Lewens technika znika \u2013 a \u015bwiat\u0142o zostaje.<\/p>\n\t<\/div><!-- .entry-content -->\n<\/article><!-- #post-13247 -->\n\n<article id=\"post-13244\" class=\"post-13244 post type-post status-publish format-standard has-post-thumbnail hentry category-ogolnie pl-PL teaser-view\"\tdata-href=\"https:\/\/www.lewens.de\/pl\/wypelnienie-trojkata-ostatni-element-ukladanki\/\">\n\t        <header class=\"entry-header\">\n\t\t\t<h2 class=\"entry-title\"><a href=\"https:\/\/www.lewens.de\/pl\/wypelnienie-trojkata-ostatni-element-ukladanki\/\" rel=\"bookmark\">Wype\u0142nienie tr\u00f3jk\u0105ta. Ostatni element uk\u0142adanki.\u00a0<\/a><\/h2>\n\t\t\t        <\/header><!-- .entry-header -->\n\t\n    <div class=\"entry-meta\">\n        <span class=\"posted-on\">Opublikowano dnia <a href=\"https:\/\/www.lewens.de\/pl\/wypelnienie-trojkata-ostatni-element-ukladanki\/\" rel=\"bookmark\"><time class=\"entry-date published\" datetime=\"2026-04-18T18:35:18+00:00\">18.04.2026<\/time><time class=\"updated\" datetime=\"2026-04-20T12:24:25+00:00\">20.04.2026<\/time><\/a><\/span>    <\/div>\n\n    \n            <figure class=\"wp-block-image post-thumbnail\" data-href=\"https:\/\/www.lewens.de\/pl\/wypelnienie-trojkata-ostatni-element-ukladanki\/\" aria-hidden=\"true\" tabindex=\"-1\">\n\t\t\t\t<img loading=\"lazy\" decoding=\"async\" width=\"1120\" height=\"1258\" src=\"https:\/\/www.lewens.de\/wp-content\/uploads\/2026\/04\/Lewens_Dreiecksbespannung_01.webp\" class=\"attachment-post-thumbnail size-post-thumbnail ratio-portrait wp-post-image\" alt=\"Wype\u0142nienie tr\u00f3jk\u0105ta. Ostatni element uk\u0142adanki.\u00a0\" \/>            <\/figure>\n\n\t\t\n\t<div class=\"entry-content\">\n\t\t<p>Kto \u0142\u0105czy sw\u00f3j szklany dach lub pergol\u0119 z pionowym zacienieniem, zna ten problem: tr\u00f3jk\u0105tna przestrze\u0144 u g\u00f3ry pozostaje otwarta. A\u017c do teraz.<\/p>\n\t<\/div><!-- .entry-content -->\n<\/article><!-- #post-13244 -->\n<\/div>\n<\/div>\n\n\n\n<div class=\"wp-block-group is-layout-constrained wp-block-group-is-layout-constrained\"><\/div>\n","protected":false},"excerpt":{"rendered":"<p>Najnowsze pod s\u0142o\u0144cem<\/p>\n","protected":false},"author":3,"featured_media":0,"parent":0,"menu_order":0,"comment_status":"closed","ping_status":"closed","template":"","meta":{"_locale":"pl_PL","_original_post":"https:\/\/www.lewens.de\/?page_id=4836","_thumbnails":[],"footnotes":"","_hide_thumbnail":false},"class_list":["post-12219","page","type-page","status-publish","hentry","pl-PL","teaser-view"],"aioseo_notices":[],"_links":{"self":[{"href":"https:\/\/www.lewens.de\/wp-json\/wp\/v2\/pages\/12219","targetHints":{"allow":["GET"]}}],"collection":[{"href":"https:\/\/www.lewens.de\/wp-json\/wp\/v2\/pages"}],"about":[{"href":"https:\/\/www.lewens.de\/wp-json\/wp\/v2\/types\/page"}],"author":[{"embeddable":true,"href":"https:\/\/www.lewens.de\/wp-json\/wp\/v2\/users\/3"}],"replies":[{"embeddable":true,"href":"https:\/\/www.lewens.de\/wp-json\/wp\/v2\/comments?post=12219"}],"version-history":[{"count":2,"href":"https:\/\/www.lewens.de\/wp-json\/wp\/v2\/pages\/12219\/revisions"}],"predecessor-version":[{"id":13289,"href":"https:\/\/www.lewens.de\/wp-json\/wp\/v2\/pages\/12219\/revisions\/13289"}],"wp:attachment":[{"href":"https:\/\/www.lewens.de\/wp-json\/wp\/v2\/media?parent=12219"}],"curies":[{"name":"wp","href":"https:\/\/api.w.org\/{rel}","templated":true}]}}